{"id":139489,"date":"2025-12-02T10:29:35","date_gmt":"2025-12-02T13:29:35","guid":{"rendered":"https:\/\/revistaesperanzas.com\/web\/?page_id=139489"},"modified":"2025-12-02T11:36:06","modified_gmt":"2025-12-02T14:36:06","slug":"inicio-2025","status":"publish","type":"page","link":"https:\/\/revistaesperanzas.com\/web\/","title":{"rendered":"INICIO 2025"},"content":{"rendered":"<div class=\"wpb-content-wrapper\"><div id=\"tdi_1\" class=\"tdc-zone\"><div class=\"tdc_zone tdi_2  wpb_row td-pb-row\"  >\n<style scoped>\n\/* custom css - generated by TagDiv Composer *\/\n\n\/* custom css - generated by TagDiv Composer *\/\n.tdi_2{\r\n                    min-height: 0;\r\n                }\n<\/style><div id=\"tdi_3\" class=\"tdc-row\"><div class=\"vc_row vc_custom_1548720471606 tdi_4  wpb_row td-pb-row\" >\n<style scoped>\n\/* custom css - generated by TagDiv Composer *\/\n\n\/* tdc_composer_block - inline css att *\/\n.vc_custom_1548720471606{margin-right: -50px !important;margin-left: -50px !important;}\n\/* custom css - generated by TagDiv Composer *\/\n.tdi_4,\r\n                .tdi_4 .tdc-columns{\r\n                    min-height: 0;\r\n                }.tdi_4,\r\n\t\t\t\t.tdi_4 .tdc-columns{\r\n\t\t\t\t    display: block;\r\n\t\t\t\t}.tdi_4 .tdc-columns{\r\n\t\t\t\t    width: 100%;\r\n\t\t\t\t}.tdi_4:before,\r\n\t\t\t\t.tdi_4:after{\r\n\t\t\t\t    display: table;\r\n\t\t\t\t}\n<\/style><div class=\"vc_column vc_custom_1630871525013 tdi_6  wpb_column vc_column_container tdc-column td-pb-span12\">\n<style scoped>\n\/* custom css - generated by TagDiv Composer *\/\n\n\/* tdc_composer_block - inline css att *\/\n.vc_custom_1630871525013{margin-top: -20px !important;}\n\/* custom css - generated by TagDiv Composer *\/\n.tdi_6{\r\n                    vertical-align: baseline;\r\n                }.tdi_6 > .wpb_wrapper,\r\n\t\t\t\t.tdi_6 > .wpb_wrapper > .tdc-elements{\r\n\t\t\t\t    display: block;\r\n\t\t\t\t}.tdi_6 > .wpb_wrapper > .tdc-elements{\r\n\t\t\t\t    width: 100%;\r\n\t\t\t\t}.tdi_6 > .wpb_wrapper > .vc_row_inner{\r\n\t\t\t\t    width: auto;\r\n\t\t\t\t}.tdi_6 > .wpb_wrapper{\r\n\t\t\t\t    width: auto;\r\n\t\t\t\t    height: auto;\r\n\t\t\t\t}\n<\/style><div class=\"wpb_wrapper\" ><div class=\"vc_row_inner tdi_8  vc_row vc_inner wpb_row td-pb-row\" >\n<style scoped>\n\/* custom css - generated by TagDiv Composer *\/\n\n\/* custom css - generated by TagDiv Composer *\/\n.tdi_8{\r\n                    position: relative !important;\r\n                    top: 0;\r\n                    transform: none;\r\n                    -webkit-transform: none;\r\n                }.tdi_8,\r\n\t\t\t\t.tdi_8 .tdc-inner-columns{\r\n\t\t\t\t    display: block;\r\n\t\t\t\t}.tdi_8 .tdc-inner-columns{\r\n\t\t\t\t    width: 100%;\r\n\t\t\t\t}\n<\/style><div class=\"vc_column_inner tdi_10  wpb_column vc_column_container tdc-inner-column td-pb-span12\">\n<style scoped>\n\/* custom css - generated by TagDiv Composer *\/\n\n\/* custom css - generated by TagDiv Composer *\/\n.tdi_10{\r\n                    vertical-align: baseline;\r\n                }.tdi_10 .vc_column-inner > .wpb_wrapper,\r\n\t\t\t\t.tdi_10 .vc_column-inner > .wpb_wrapper .tdc-elements{\r\n\t\t\t\t    display: block;\r\n\t\t\t\t}.tdi_10 .vc_column-inner > .wpb_wrapper .tdc-elements{\r\n\t\t\t\t    width: 100%;\r\n\t\t\t\t}\n<\/style><div class=\"vc_column-inner\"><div class=\"wpb_wrapper\" ><div class=\"td-block td-a-rec td-a-rec-id-custom-spot tdi_11 td_block_template_3\">\n<style>\n\/* custom css - generated by TagDiv Composer *\/\n.tdi_11.td-a-rec{\r\n\t\t\t\t\ttext-align: center;\r\n\t\t\t\t}.tdi_11.td-a-rec:not(.td-a-rec-no-translate){\r\n\t\t\t\t    transform: translateZ(0);\r\n\t\t\t\t}.tdi_11 .td-element-style{\r\n\t\t\t\t\tz-index: -1;\r\n\t\t\t\t}.tdi_11 .td_spot_img_all img,\r\n\t\t\t\t.tdi_11 .td_spot_img_tl img,\r\n\t\t\t\t.tdi_11 .td_spot_img_tp img,\r\n\t\t\t\t.tdi_11 .td_spot_img_mob img{\r\n\t\t\t\t    border-style: none;\r\n\t\t\t\t}\n<\/style><iframe loading=\"lazy\" src=\"https:\/\/streaming.radiosenlinea.com.ar\/cp\/widgets\/player\/single\/?p=8940\" height=\"110\" width=\"100%\" scrolling=\"no\" style=\"border:none;\"><\/iframe><\/div><\/div><\/div><\/div><\/div><div class=\"vc_row_inner tdi_13  vc_row vc_inner wpb_row td-pb-row\" >\n<style scoped>\n\/* custom css - generated by TagDiv Composer *\/\n\n\/* custom css - generated by TagDiv Composer *\/\n.tdi_13{\r\n                    position: relative !important;\r\n                    top: 0;\r\n                    transform: none;\r\n                    -webkit-transform: none;\r\n                }.tdi_13,\r\n\t\t\t\t.tdi_13 .tdc-inner-columns{\r\n\t\t\t\t    display: block;\r\n\t\t\t\t}.tdi_13 .tdc-inner-columns{\r\n\t\t\t\t    width: 100%;\r\n\t\t\t\t}\n<\/style><div class=\"vc_column_inner tdi_15  wpb_column vc_column_container tdc-inner-column td-pb-span12\">\n<style scoped>\n\/* custom css - generated by TagDiv Composer *\/\n\n\/* custom css - generated by TagDiv Composer *\/\n.tdi_15{\r\n                    vertical-align: baseline;\r\n                }.tdi_15 .vc_column-inner > .wpb_wrapper,\r\n\t\t\t\t.tdi_15 .vc_column-inner > .wpb_wrapper .tdc-elements{\r\n\t\t\t\t    display: block;\r\n\t\t\t\t}.tdi_15 .vc_column-inner > .wpb_wrapper .tdc-elements{\r\n\t\t\t\t    width: 100%;\r\n\t\t\t\t}\n<\/style><div class=\"vc_column-inner\"><div class=\"wpb_wrapper\" ><div class=\"td-block td-a-rec td-a-rec-id-custom-spot tdi_16 td_block_template_3\">\n<style>\n\n\/* inline tdc_css att - generated by TagDiv Composer *\/\n\n.tdi_16{\nmargin-top:0px !important;\nmargin-bottom:20px !important;\n}\n\n<\/style>\n<style>\n\/* custom css - generated by TagDiv Composer *\/\n.tdi_16.td-a-rec{\r\n\t\t\t\t\ttext-align: center;\r\n\t\t\t\t}.tdi_16.td-a-rec:not(.td-a-rec-no-translate){\r\n\t\t\t\t    transform: translateZ(0);\r\n\t\t\t\t}.tdi_16 .td-element-style{\r\n\t\t\t\t\tz-index: -1;\r\n\t\t\t\t}.tdi_16 .td_spot_img_all img,\r\n\t\t\t\t.tdi_16 .td_spot_img_tl img,\r\n\t\t\t\t.tdi_16 .td_spot_img_tp img,\r\n\t\t\t\t.tdi_16 .td_spot_img_mob img{\r\n\t\t\t\t    border-style: none;\r\n\t\t\t\t}\n<\/style><div id='arp-container-6a96e28446678' class='arp-container' data-rotation-speed='5000' style='width: auto; height: auto;'><div class='arp-slide'><img src='https:\/\/revistaesperanzas.com\/web\/wp-content\/uploads\/2021\/09\/BANNER-PG-RADIO.gif' alt='Radio En Vivo'><\/div><\/div><\/div><\/div><\/div><\/div><\/div><div class=\"vc_row_inner tdi_18  vc_row vc_inner wpb_row td-pb-row\" >\n<style scoped>\n\/* custom css - generated by TagDiv Composer *\/\n\n\/* custom css - generated by TagDiv Composer *\/\n.tdi_18{\r\n                    position: relative !important;\r\n                    top: 0;\r\n                    transform: none;\r\n                    -webkit-transform: none;\r\n                }.tdi_18,\r\n\t\t\t\t.tdi_18 .tdc-inner-columns{\r\n\t\t\t\t    display: block;\r\n\t\t\t\t}.tdi_18 .tdc-inner-columns{\r\n\t\t\t\t    width: 100%;\r\n\t\t\t\t}\n<\/style><div class=\"vc_column_inner tdi_20  wpb_column vc_column_container tdc-inner-column td-pb-span8\">\n<style scoped>\n\/* custom css - generated by TagDiv Composer *\/\n\n\/* custom css - generated by TagDiv Composer *\/\n.tdi_20{\r\n                    vertical-align: baseline;\r\n                }.tdi_20 .vc_column-inner > .wpb_wrapper,\r\n\t\t\t\t.tdi_20 .vc_column-inner > .wpb_wrapper .tdc-elements{\r\n\t\t\t\t    display: block;\r\n\t\t\t\t}.tdi_20 .vc_column-inner > .wpb_wrapper .tdc-elements{\r\n\t\t\t\t    width: 100%;\r\n\t\t\t\t}\n<\/style><div class=\"vc_column-inner\"><div class=\"wpb_wrapper\" ><div class=\"td_block_wrap td_block_4 tdi_21 td_with_ajax_pagination td-pb-border-top td_block_template_3 td-column-2 td_block_padding\"  data-td-block-uid=\"tdi_21\" ><script>var block_tdi_21 = new tdBlock();\nblock_tdi_21.id = \"tdi_21\";\nblock_tdi_21.atts = '{\"limit\":\"28\",\"block_template_id\":\"\",\"m2_tl\":\"10\",\"m2_el\":\"30\",\"ajax_pagination\":\"next_prev\",\"block_type\":\"td_block_4\",\"separator\":\"\",\"custom_title\":\"\",\"custom_url\":\"\",\"post_ids\":\"\",\"category_id\":\"\",\"taxonomies\":\"\",\"category_ids\":\"\",\"in_all_terms\":\"\",\"tag_slug\":\"\",\"autors_id\":\"\",\"installed_post_types\":\"\",\"include_cf_posts\":\"\",\"exclude_cf_posts\":\"\",\"sort\":\"\",\"popular_by_date\":\"\",\"linked_posts\":\"\",\"favourite_only\":\"\",\"offset\":\"\",\"open_in_new_window\":\"\",\"show_modified_date\":\"\",\"time_ago\":\"\",\"time_ago_add_txt\":\"ago\",\"time_ago_txt_pos\":\"\",\"review_source\":\"\",\"el_class\":\"\",\"td_ajax_filter_type\":\"\",\"td_ajax_filter_ids\":\"\",\"td_filter_default_txt\":\"All\",\"td_ajax_preloading\":\"\",\"f_header_font_header\":\"\",\"f_header_font_title\":\"Block header\",\"f_header_font_settings\":\"\",\"f_header_font_family\":\"\",\"f_header_font_size\":\"\",\"f_header_font_line_height\":\"\",\"f_header_font_style\":\"\",\"f_header_font_weight\":\"\",\"f_header_font_transform\":\"\",\"f_header_font_spacing\":\"\",\"f_header_\":\"\",\"f_ajax_font_title\":\"Ajax categories\",\"f_ajax_font_settings\":\"\",\"f_ajax_font_family\":\"\",\"f_ajax_font_size\":\"\",\"f_ajax_font_line_height\":\"\",\"f_ajax_font_style\":\"\",\"f_ajax_font_weight\":\"\",\"f_ajax_font_transform\":\"\",\"f_ajax_font_spacing\":\"\",\"f_ajax_\":\"\",\"f_more_font_title\":\"Load more button\",\"f_more_font_settings\":\"\",\"f_more_font_family\":\"\",\"f_more_font_size\":\"\",\"f_more_font_line_height\":\"\",\"f_more_font_style\":\"\",\"f_more_font_weight\":\"\",\"f_more_font_transform\":\"\",\"f_more_font_spacing\":\"\",\"f_more_\":\"\",\"m2f_title_font_header\":\"\",\"m2f_title_font_title\":\"Article title\",\"m2f_title_font_settings\":\"\",\"m2f_title_font_family\":\"\",\"m2f_title_font_size\":\"\",\"m2f_title_font_line_height\":\"\",\"m2f_title_font_style\":\"\",\"m2f_title_font_weight\":\"\",\"m2f_title_font_transform\":\"\",\"m2f_title_font_spacing\":\"\",\"m2f_title_\":\"\",\"m2f_cat_font_title\":\"Article category tag\",\"m2f_cat_font_settings\":\"\",\"m2f_cat_font_family\":\"\",\"m2f_cat_font_size\":\"\",\"m2f_cat_font_line_height\":\"\",\"m2f_cat_font_style\":\"\",\"m2f_cat_font_weight\":\"\",\"m2f_cat_font_transform\":\"\",\"m2f_cat_font_spacing\":\"\",\"m2f_cat_\":\"\",\"m2f_meta_font_title\":\"Article meta info\",\"m2f_meta_font_settings\":\"\",\"m2f_meta_font_family\":\"\",\"m2f_meta_font_size\":\"\",\"m2f_meta_font_line_height\":\"\",\"m2f_meta_font_style\":\"\",\"m2f_meta_font_weight\":\"\",\"m2f_meta_font_transform\":\"\",\"m2f_meta_font_spacing\":\"\",\"m2f_meta_\":\"\",\"m2f_ex_font_title\":\"Article excerpt\",\"m2f_ex_font_settings\":\"\",\"m2f_ex_font_family\":\"\",\"m2f_ex_font_size\":\"\",\"m2f_ex_font_line_height\":\"\",\"m2f_ex_font_style\":\"\",\"m2f_ex_font_weight\":\"\",\"m2f_ex_font_transform\":\"\",\"m2f_ex_font_spacing\":\"\",\"m2f_ex_\":\"\",\"ajax_pagination_next_prev_swipe\":\"\",\"ajax_pagination_infinite_stop\":\"\",\"css\":\"\",\"tdc_css\":\"\",\"td_column_number\":2,\"header_color\":\"\",\"color_preset\":\"\",\"border_top\":\"\",\"class\":\"tdi_21\",\"tdc_css_class\":\"tdi_21\",\"tdc_css_class_style\":\"tdi_21_rand_style\"}';\nblock_tdi_21.td_column_number = \"2\";\nblock_tdi_21.block_type = \"td_block_4\";\nblock_tdi_21.post_count = \"28\";\nblock_tdi_21.found_posts = \"2536\";\nblock_tdi_21.header_color = \"\";\nblock_tdi_21.ajax_pagination_infinite_stop = \"\";\nblock_tdi_21.max_num_pages = \"91\";\ntdBlocksArray.push(block_tdi_21);\n<\/script><div class=\"td-block-title-wrap\"><\/div><div id=tdi_21 class=\"td_block_inner\">\n\n\t<div class=\"td-block-row\">\n\n\t<div class=\"td-block-span6\">\n\r\n        <div class=\"td_module_2 td_module_wrap td-animation-stack\">\r\n            <div class=\"td-module-image\">\r\n                <div class=\"td-module-thumb\"><a href=\"https:\/\/revistaesperanzas.com\/web\/2026\/08\/itaqui-sera-sede-de-la-presentacion-oficial-de-la-11a-edicion-arbra-internacional-2026\/\"  rel=\"bookmark\" class=\"td-image-wrap \" title=\"ITAQUI SER\u00c1 SEDE DE LA PRESENTACI\u00d3N OFICIAL DE LA 11\u00aa EDICI\u00d3N ARBRA INTERNACIONAL 2026\" ><img loading=\"lazy\" decoding=\"async\" width=\"324\" height=\"160\" class=\"entry-thumb\" src=\"https:\/\/revistaesperanzas.com\/web\/wp-content\/uploads\/2026\/08\/ARBRA-324x160.jpg\"  srcset=\"https:\/\/revistaesperanzas.com\/web\/wp-content\/uploads\/2026\/08\/ARBRA-324x160.jpg 324w, https:\/\/revistaesperanzas.com\/web\/wp-content\/uploads\/2026\/08\/ARBRA-533x261.jpg 533w\" sizes=\"auto, (max-width: 324px) 100vw, 324px\"  alt=\"\" title=\"ITAQUI SER\u00c1 SEDE DE LA PRESENTACI\u00d3N OFICIAL DE LA 11\u00aa EDICI\u00d3N ARBRA INTERNACIONAL 2026\" \/><\/a><\/div>                            <\/div>\r\n            <h3 class=\"entry-title td-module-title\"><a href=\"https:\/\/revistaesperanzas.com\/web\/2026\/08\/itaqui-sera-sede-de-la-presentacion-oficial-de-la-11a-edicion-arbra-internacional-2026\/\"  rel=\"bookmark\" title=\"ITAQUI SER\u00c1 SEDE DE LA PRESENTACI\u00d3N OFICIAL DE LA 11\u00aa EDICI\u00d3N ARBRA INTERNACIONAL 2026\">ITAQUI SER\u00c1 SEDE DE LA PRESENTACI\u00d3N OFICIAL DE LA...<\/a><\/h3>\r\n\r\n            <div class=\"td-module-meta-info\">\r\n                                <span class=\"td-post-date\"><time class=\"entry-date updated td-module-date\" datetime=\"2026-08-31T22:12:04-03:00\" >31 agosto, 2026<\/time><\/span>                <span class=\"td-module-comments\"><a href=\"https:\/\/revistaesperanzas.com\/web\/2026\/08\/itaqui-sera-sede-de-la-presentacion-oficial-de-la-11a-edicion-arbra-internacional-2026\/#respond\">0<\/a><\/span>            <\/div>\r\n\r\n\r\n            <div class=\"td-excerpt\">\r\n                Argentina y Brasil: dos pueblos, muchas historias y un futuro construido juntos.\r\nEl pr\u00f3ximo 4 de septiembre, a las 10:00 horas, el hist\u00f3rico Teatro Prezewodowsky de Itaqui, R\u00edo Grande do...            <\/div>\r\n\r\n            \r\n        <\/div>\r\n\r\n        \n\t<\/div> <!-- .\/td-block-span6 -->\n\n\t<div class=\"td-block-span6\">\n\r\n        <div class=\"td_module_2 td_module_wrap td-animation-stack\">\r\n            <div class=\"td-module-image\">\r\n                <div class=\"td-module-thumb\"><a href=\"https:\/\/revistaesperanzas.com\/web\/2026\/08\/este-miercoles-se-reune-en-sesion-ordinaria-el-h-c-d-de-goya\/\"  rel=\"bookmark\" class=\"td-image-wrap \" title=\"ESTE MIERCOLES SE REUNE EN SESI\u00d3N ORDINARIA EL &#8220;H.C.D DE GOYA&#8221;\" ><img loading=\"lazy\" decoding=\"async\" width=\"324\" height=\"160\" class=\"entry-thumb\" src=\"https:\/\/revistaesperanzas.com\/web\/wp-content\/uploads\/2026\/03\/HCD-Goya--324x160.jpg\"  srcset=\"https:\/\/revistaesperanzas.com\/web\/wp-content\/uploads\/2026\/03\/HCD-Goya--324x160.jpg 324w, https:\/\/revistaesperanzas.com\/web\/wp-content\/uploads\/2026\/03\/HCD-Goya--533x261.jpg 533w\" sizes=\"auto, (max-width: 324px) 100vw, 324px\"  alt=\"\" title=\"ESTE MIERCOLES SE REUNE EN SESI\u00d3N ORDINARIA EL &#8220;H.C.D DE GOYA&#8221;\" \/><\/a><\/div>                            <\/div>\r\n            <h3 class=\"entry-title td-module-title\"><a href=\"https:\/\/revistaesperanzas.com\/web\/2026\/08\/este-miercoles-se-reune-en-sesion-ordinaria-el-h-c-d-de-goya\/\"  rel=\"bookmark\" title=\"ESTE MIERCOLES SE REUNE EN SESI\u00d3N ORDINARIA EL &#8220;H.C.D DE GOYA&#8221;\">ESTE MIERCOLES SE REUNE EN SESI\u00d3N ORDINARIA EL &#8220;H.C.D...<\/a><\/h3>\r\n\r\n            <div class=\"td-module-meta-info\">\r\n                                <span class=\"td-post-date\"><time class=\"entry-date updated td-module-date\" datetime=\"2026-08-31T20:02:40-03:00\" >31 agosto, 2026<\/time><\/span>                <span class=\"td-module-comments\"><a href=\"https:\/\/revistaesperanzas.com\/web\/2026\/08\/este-miercoles-se-reune-en-sesion-ordinaria-el-h-c-d-de-goya\/#respond\">0<\/a><\/span>            <\/div>\r\n\r\n\r\n            <div class=\"td-excerpt\">\r\n                El Cuerpo Legislativo local volver\u00e1 a sesionar este mi\u00e9rcoles 2 de septiembre desde la hora 10,00. Desde la Presidencia se convoc\u00f3 a los concejales a una Sesi\u00f3n Ordinaria del...            <\/div>\r\n\r\n            \r\n        <\/div>\r\n\r\n        \n\t<\/div> <!-- .\/td-block-span6 --><\/div><!--.\/row-fluid-->\n\n\t<div class=\"td-block-row\">\n\n\t<div class=\"td-block-span6\">\n\r\n        <div class=\"td_module_2 td_module_wrap td-animation-stack\">\r\n            <div class=\"td-module-image\">\r\n                <div class=\"td-module-thumb\"><a href=\"https:\/\/revistaesperanzas.com\/web\/2026\/08\/tras-rapida-investigacion\/\"  rel=\"bookmark\" class=\"td-image-wrap \" title=\"TRAS RAPIDA INVESTIGACION . . . . . . .\" ><img loading=\"lazy\" decoding=\"async\" width=\"324\" height=\"160\" class=\"entry-thumb\" src=\"https:\/\/revistaesperanzas.com\/web\/wp-content\/uploads\/2026\/08\/WhatsApp-Image-2026-08-30-at-23.17.57-324x160.jpeg\"  srcset=\"https:\/\/revistaesperanzas.com\/web\/wp-content\/uploads\/2026\/08\/WhatsApp-Image-2026-08-30-at-23.17.57-324x160.jpeg 324w, https:\/\/revistaesperanzas.com\/web\/wp-content\/uploads\/2026\/08\/WhatsApp-Image-2026-08-30-at-23.17.57-533x261.jpeg 533w\" sizes=\"auto, (max-width: 324px) 100vw, 324px\"  alt=\"\" title=\"TRAS RAPIDA INVESTIGACION . . . . . . .\" \/><\/a><\/div>                            <\/div>\r\n            <h3 class=\"entry-title td-module-title\"><a href=\"https:\/\/revistaesperanzas.com\/web\/2026\/08\/tras-rapida-investigacion\/\"  rel=\"bookmark\" title=\"TRAS RAPIDA INVESTIGACION . . . . . . .\">TRAS RAPIDA INVESTIGACION . . . . . ....<\/a><\/h3>\r\n\r\n            <div class=\"td-module-meta-info\">\r\n                                <span class=\"td-post-date\"><time class=\"entry-date updated td-module-date\" datetime=\"2026-08-31T19:58:52-03:00\" >31 agosto, 2026<\/time><\/span>                <span class=\"td-module-comments\"><a href=\"https:\/\/revistaesperanzas.com\/web\/2026\/08\/tras-rapida-investigacion\/#respond\">0<\/a><\/span>            <\/div>\r\n\r\n\r\n            <div class=\"td-excerpt\">\r\n                La Polic\u00eda aprehendi\u00f3 a los presuntos autores del robo a un jubilado en horas de la madrugada\r\n\r\nEn horas de la tarde de hoy 30-08-26, efectivos policiales de la Direcci\u00f3n...            <\/div>\r\n\r\n            \r\n        <\/div>\r\n\r\n        \n\t<\/div> <!-- .\/td-block-span6 -->\n\n\t<div class=\"td-block-span6\">\n\r\n        <div class=\"td_module_2 td_module_wrap td-animation-stack\">\r\n            <div class=\"td-module-image\">\r\n                <div class=\"td-module-thumb\"><a href=\"https:\/\/revistaesperanzas.com\/web\/2026\/08\/resumen-de-noticias-policiales-de-corrientes-103\/\"  rel=\"bookmark\" class=\"td-image-wrap \" title=\"RESUMEN DE NOTICIAS POLICIALES DE CORRIENTES\" ><img loading=\"lazy\" decoding=\"async\" width=\"324\" height=\"160\" class=\"entry-thumb\" src=\"https:\/\/revistaesperanzas.com\/web\/wp-content\/uploads\/2026\/03\/RESUMEN-324x160.jpg\"  srcset=\"https:\/\/revistaesperanzas.com\/web\/wp-content\/uploads\/2026\/03\/RESUMEN-324x160.jpg 324w, https:\/\/revistaesperanzas.com\/web\/wp-content\/uploads\/2026\/03\/RESUMEN-533x261.jpg 533w\" sizes=\"auto, (max-width: 324px) 100vw, 324px\"  alt=\"\" title=\"RESUMEN DE NOTICIAS POLICIALES DE CORRIENTES\" \/><\/a><\/div>                            <\/div>\r\n            <h3 class=\"entry-title td-module-title\"><a href=\"https:\/\/revistaesperanzas.com\/web\/2026\/08\/resumen-de-noticias-policiales-de-corrientes-103\/\"  rel=\"bookmark\" title=\"RESUMEN DE NOTICIAS POLICIALES DE CORRIENTES\">RESUMEN DE NOTICIAS POLICIALES DE CORRIENTES<\/a><\/h3>\r\n\r\n            <div class=\"td-module-meta-info\">\r\n                                <span class=\"td-post-date\"><time class=\"entry-date updated td-module-date\" datetime=\"2026-08-31T19:54:01-03:00\" >31 agosto, 2026<\/time><\/span>                <span class=\"td-module-comments\"><a href=\"https:\/\/revistaesperanzas.com\/web\/2026\/08\/resumen-de-noticias-policiales-de-corrientes-103\/#respond\">0<\/a><\/span>            <\/div>\r\n\r\n\r\n            <div class=\"td-excerpt\">\r\n                https:\/\/youtu.be\/gO3N6Hm0OFc            <\/div>\r\n\r\n            \r\n        <\/div>\r\n\r\n        \n\t<\/div> <!-- .\/td-block-span6 --><\/div><!--.\/row-fluid-->\n\n\t<div class=\"td-block-row\">\n\n\t<div class=\"td-block-span6\">\n\r\n        <div class=\"td_module_2 td_module_wrap td-animation-stack\">\r\n            <div class=\"td-module-image\">\r\n                <div class=\"td-module-thumb\"><a href=\"https:\/\/revistaesperanzas.com\/web\/2026\/08\/granja-tres-arroyos-cerro-sin-aviso-una-planta-historica-denuncian-que-se-retiro-maquinaria-y-que-el-directorio-vacio-sus-oficinas\/\"  rel=\"bookmark\" class=\"td-image-wrap \" title=\"GRANJA TRES ARROYOS CERR\u00d3 SIN AVISO UNA PLANTA HISTORICA: DENUNCIAN QUE SE RETIR\u00d3 MAQUINARIA Y QUE EL DIRECTORIO VACI\u00d3 SUS OFICINAS\" ><img loading=\"lazy\" decoding=\"async\" width=\"324\" height=\"160\" class=\"entry-thumb\" src=\"https:\/\/revistaesperanzas.com\/web\/wp-content\/uploads\/2026\/08\/tres-arroyos-324x160.jpg\"  srcset=\"https:\/\/revistaesperanzas.com\/web\/wp-content\/uploads\/2026\/08\/tres-arroyos-324x160.jpg 324w, https:\/\/revistaesperanzas.com\/web\/wp-content\/uploads\/2026\/08\/tres-arroyos-533x261.jpg 533w\" sizes=\"auto, (max-width: 324px) 100vw, 324px\"  alt=\"\" title=\"GRANJA TRES ARROYOS CERR\u00d3 SIN AVISO UNA PLANTA HISTORICA: DENUNCIAN QUE SE RETIR\u00d3 MAQUINARIA Y QUE EL DIRECTORIO VACI\u00d3 SUS OFICINAS\" \/><\/a><\/div>                            <\/div>\r\n            <h3 class=\"entry-title td-module-title\"><a href=\"https:\/\/revistaesperanzas.com\/web\/2026\/08\/granja-tres-arroyos-cerro-sin-aviso-una-planta-historica-denuncian-que-se-retiro-maquinaria-y-que-el-directorio-vacio-sus-oficinas\/\"  rel=\"bookmark\" title=\"GRANJA TRES ARROYOS CERR\u00d3 SIN AVISO UNA PLANTA HISTORICA: DENUNCIAN QUE SE RETIR\u00d3 MAQUINARIA Y QUE EL DIRECTORIO VACI\u00d3 SUS OFICINAS\">GRANJA TRES ARROYOS CERR\u00d3 SIN AVISO UNA PLANTA HISTORICA:...<\/a><\/h3>\r\n\r\n            <div class=\"td-module-meta-info\">\r\n                                <span class=\"td-post-date\"><time class=\"entry-date updated td-module-date\" datetime=\"2026-08-31T08:13:07-03:00\" >31 agosto, 2026<\/time><\/span>                <span class=\"td-module-comments\"><a href=\"https:\/\/revistaesperanzas.com\/web\/2026\/08\/granja-tres-arroyos-cerro-sin-aviso-una-planta-historica-denuncian-que-se-retiro-maquinaria-y-que-el-directorio-vacio-sus-oficinas\/#respond\">0<\/a><\/span>            <\/div>\r\n\r\n\r\n            <div class=\"td-excerpt\">\r\n                \r\n\r\nUn comunicado interno notific\u00f3 la suspensi\u00f3n \u201chasta nuevo aviso\u201d por falta de suministro el\u00e9ctrico y fuerza mayor. Pero las m\u00e1quinas concesionadas ya no estaban y los directivos hab\u00edan vaciado...            <\/div>\r\n\r\n            \r\n        <\/div>\r\n\r\n        \n\t<\/div> <!-- .\/td-block-span6 -->\n\n\t<div class=\"td-block-span6\">\n\r\n        <div class=\"td_module_2 td_module_wrap td-animation-stack\">\r\n            <div class=\"td-module-image\">\r\n                <div class=\"td-module-thumb\"><a href=\"https:\/\/revistaesperanzas.com\/web\/2026\/08\/eficaz-accionar-policial-demoran-a-un-sujeto-y-secuestran-unmoto-robada\/\"  rel=\"bookmark\" class=\"td-image-wrap \" title=\"EFICAZ ACCIONAR POLICIAL, DEMORAN A UN SUJETO Y SECUESTRAN UNMOTO ROBADA\" ><img loading=\"lazy\" decoding=\"async\" width=\"324\" height=\"160\" class=\"entry-thumb\" src=\"https:\/\/revistaesperanzas.com\/web\/wp-content\/uploads\/2026\/08\/WhatsApp-Image-2026-08-30-at-21.04.23-324x160.jpeg\"   alt=\"\" title=\"EFICAZ ACCIONAR POLICIAL, DEMORAN A UN SUJETO Y SECUESTRAN UNMOTO ROBADA\" \/><\/a><\/div>                            <\/div>\r\n            <h3 class=\"entry-title td-module-title\"><a href=\"https:\/\/revistaesperanzas.com\/web\/2026\/08\/eficaz-accionar-policial-demoran-a-un-sujeto-y-secuestran-unmoto-robada\/\"  rel=\"bookmark\" title=\"EFICAZ ACCIONAR POLICIAL, DEMORAN A UN SUJETO Y SECUESTRAN UNMOTO ROBADA\">EFICAZ ACCIONAR POLICIAL, DEMORAN A UN SUJETO Y SECUESTRAN...<\/a><\/h3>\r\n\r\n            <div class=\"td-module-meta-info\">\r\n                                <span class=\"td-post-date\"><time class=\"entry-date updated td-module-date\" datetime=\"2026-08-30T22:42:44-03:00\" >30 agosto, 2026<\/time><\/span>                <span class=\"td-module-comments\"><a href=\"https:\/\/revistaesperanzas.com\/web\/2026\/08\/eficaz-accionar-policial-demoran-a-un-sujeto-y-secuestran-unmoto-robada\/#respond\">0<\/a><\/span>            <\/div>\r\n\r\n\r\n            <div class=\"td-excerpt\">\r\n                En horas de la ma\u00f1ana de hoy 30-08-26, efectivos policiales de la Comisar\u00eda s\u00e9ptima urbana y con la valiosa colaboraci\u00f3n de la patrulla jurisdiccional destacamento San Marcos, en virtud...            <\/div>\r\n\r\n            \r\n        <\/div>\r\n\r\n        \n\t<\/div> <!-- .\/td-block-span6 --><\/div><!--.\/row-fluid-->\n\n\t<div class=\"td-block-row\">\n\n\t<div class=\"td-block-span6\">\n\r\n        <div class=\"td_module_2 td_module_wrap td-animation-stack\">\r\n            <div class=\"td-module-image\">\r\n                <div class=\"td-module-thumb\"><a href=\"https:\/\/revistaesperanzas.com\/web\/2026\/08\/gobernador-virasoro-la-policia-recupero-un-secarropas-recien-robado\/\"  rel=\"bookmark\" class=\"td-image-wrap \" title=\"GOBERNADOR VIRASORO: LA POLICIA RECUPER\u00d3 UN SECARROPAS RECIEN ROBADO\" ><img loading=\"lazy\" decoding=\"async\" width=\"324\" height=\"160\" class=\"entry-thumb\" src=\"https:\/\/revistaesperanzas.com\/web\/wp-content\/uploads\/2026\/08\/WhatsApp-Image-1-324x160.jpg\"   alt=\"\" title=\"GOBERNADOR VIRASORO: LA POLICIA RECUPER\u00d3 UN SECARROPAS RECIEN ROBADO\" \/><\/a><\/div>                            <\/div>\r\n            <h3 class=\"entry-title td-module-title\"><a href=\"https:\/\/revistaesperanzas.com\/web\/2026\/08\/gobernador-virasoro-la-policia-recupero-un-secarropas-recien-robado\/\"  rel=\"bookmark\" title=\"GOBERNADOR VIRASORO: LA POLICIA RECUPER\u00d3 UN SECARROPAS RECIEN ROBADO\">GOBERNADOR VIRASORO: LA POLICIA RECUPER\u00d3 UN SECARROPAS RECIEN ROBADO<\/a><\/h3>\r\n\r\n            <div class=\"td-module-meta-info\">\r\n                                <span class=\"td-post-date\"><time class=\"entry-date updated td-module-date\" datetime=\"2026-08-30T22:40:22-03:00\" >30 agosto, 2026<\/time><\/span>                <span class=\"td-module-comments\"><a href=\"https:\/\/revistaesperanzas.com\/web\/2026\/08\/gobernador-virasoro-la-policia-recupero-un-secarropas-recien-robado\/#respond\">0<\/a><\/span>            <\/div>\r\n\r\n\r\n            <div class=\"td-excerpt\">\r\n                En horas de la noche de ayer 29-08-26, efectivos de la Comisar\u00eda Distrito Tercera de Gobernador Virasoro tomaron conocimiento de la sustracci\u00f3n de un secarropas, de un domicilio ubicado...            <\/div>\r\n\r\n            \r\n        <\/div>\r\n\r\n        \n\t<\/div> <!-- .\/td-block-span6 -->\n\n\t<div class=\"td-block-span6\">\n\r\n        <div class=\"td_module_2 td_module_wrap td-animation-stack\">\r\n            <div class=\"td-module-image\">\r\n                <div class=\"td-module-thumb\"><a href=\"https:\/\/revistaesperanzas.com\/web\/2026\/08\/barrio-parque-cadenas-sur-capital\/\"  rel=\"bookmark\" class=\"td-image-wrap \" title=\"BARRIO PARQUE CADENAS SUR, capital\" ><img loading=\"lazy\" decoding=\"async\" width=\"324\" height=\"160\" class=\"entry-thumb\" src=\"https:\/\/revistaesperanzas.com\/web\/wp-content\/uploads\/2026\/08\/WhatsApp-Image-2026-08-30-at-21.04.21-324x160.jpeg\"   alt=\"\" title=\"BARRIO PARQUE CADENAS SUR, capital\" \/><\/a><\/div>                            <\/div>\r\n            <h3 class=\"entry-title td-module-title\"><a href=\"https:\/\/revistaesperanzas.com\/web\/2026\/08\/barrio-parque-cadenas-sur-capital\/\"  rel=\"bookmark\" title=\"BARRIO PARQUE CADENAS SUR, capital\">BARRIO PARQUE CADENAS SUR, capital<\/a><\/h3>\r\n\r\n            <div class=\"td-module-meta-info\">\r\n                                <span class=\"td-post-date\"><time class=\"entry-date updated td-module-date\" datetime=\"2026-08-30T22:28:33-03:00\" >30 agosto, 2026<\/time><\/span>                <span class=\"td-module-comments\"><a href=\"https:\/\/revistaesperanzas.com\/web\/2026\/08\/barrio-parque-cadenas-sur-capital\/#respond\">0<\/a><\/span>            <\/div>\r\n\r\n\r\n            <div class=\"td-excerpt\">\r\n                En r\u00e1pido accionar, la Polic\u00eda recupero una motocicleta sustra\u00edda recientemente\r\n\r\nEn horas de la tarde de hoy 30-08-26, efectivos policiales de la Comisar\u00eda D\u00e9cima urbana tomaron conocimiento, a trav\u00e9s del...            <\/div>\r\n\r\n            \r\n        <\/div>\r\n\r\n        \n\t<\/div> <!-- .\/td-block-span6 --><\/div><!--.\/row-fluid-->\n\n\t<div class=\"td-block-row\">\n\n\t<div class=\"td-block-span6\">\n\r\n        <div class=\"td_module_2 td_module_wrap td-animation-stack\">\r\n            <div class=\"td-module-image\">\r\n                <div class=\"td-module-thumb\"><a href=\"https:\/\/revistaesperanzas.com\/web\/2026\/08\/comisaria-7ma-urbana-capital\/\"  rel=\"bookmark\" class=\"td-image-wrap \" title=\"COMISARIA 7MA URBANA, capital\" ><img loading=\"lazy\" decoding=\"async\" width=\"324\" height=\"160\" class=\"entry-thumb\" src=\"https:\/\/revistaesperanzas.com\/web\/wp-content\/uploads\/2026\/08\/WhatsApp-Image-2026-08-30-at-21.04.19-324x160.jpeg\"   alt=\"\" title=\"COMISARIA 7MA URBANA, capital\" \/><\/a><\/div>                            <\/div>\r\n            <h3 class=\"entry-title td-module-title\"><a href=\"https:\/\/revistaesperanzas.com\/web\/2026\/08\/comisaria-7ma-urbana-capital\/\"  rel=\"bookmark\" title=\"COMISARIA 7MA URBANA, capital\">COMISARIA 7MA URBANA, capital<\/a><\/h3>\r\n\r\n            <div class=\"td-module-meta-info\">\r\n                                <span class=\"td-post-date\"><time class=\"entry-date updated td-module-date\" datetime=\"2026-08-30T22:26:00-03:00\" >30 agosto, 2026<\/time><\/span>                <span class=\"td-module-comments\"><a href=\"https:\/\/revistaesperanzas.com\/web\/2026\/08\/comisaria-7ma-urbana-capital\/#respond\">0<\/a><\/span>            <\/div>\r\n\r\n\r\n            <div class=\"td-excerpt\">\r\n                En un r\u00e1pido y eficaz accionar, la Polic\u00eda recuper\u00f3 un celular recientemente sustra\u00eddo.\r\nEn horas de la tarde de ayer 29-08-26, efectivos policiales de la Comisaria 7ma Urbana, en momentos...            <\/div>\r\n\r\n            \r\n        <\/div>\r\n\r\n        \n\t<\/div> <!-- .\/td-block-span6 -->\n\n\t<div class=\"td-block-span6\">\n\r\n        <div class=\"td_module_2 td_module_wrap td-animation-stack\">\r\n            <div class=\"td-module-image\">\r\n                <div class=\"td-module-thumb\"><a href=\"https:\/\/revistaesperanzas.com\/web\/2026\/08\/ceramica-memoria-y-territorio-comenzo-la-puesta-en-valor-de-la-coleccion-arqueologica-de-lilia-spinelli\/\"  rel=\"bookmark\" class=\"td-image-wrap \" title=\"CERAMICA, MEMORIA Y TERRITORIO: COMENZ\u00d3 LA PUESTA EN VALOR DE LA COLECCI\u00d3N ARQUEOL\u00d3GICA DE LILIA SPINELLI\" ><img loading=\"lazy\" decoding=\"async\" width=\"324\" height=\"160\" class=\"entry-thumb\" src=\"https:\/\/revistaesperanzas.com\/web\/wp-content\/uploads\/2026\/08\/LILIA-1-324x160.png\"   alt=\"\" title=\"CERAMICA, MEMORIA Y TERRITORIO: COMENZ\u00d3 LA PUESTA EN VALOR DE LA COLECCI\u00d3N ARQUEOL\u00d3GICA DE LILIA SPINELLI\" \/><\/a><\/div>                            <\/div>\r\n            <h3 class=\"entry-title td-module-title\"><a href=\"https:\/\/revistaesperanzas.com\/web\/2026\/08\/ceramica-memoria-y-territorio-comenzo-la-puesta-en-valor-de-la-coleccion-arqueologica-de-lilia-spinelli\/\"  rel=\"bookmark\" title=\"CERAMICA, MEMORIA Y TERRITORIO: COMENZ\u00d3 LA PUESTA EN VALOR DE LA COLECCI\u00d3N ARQUEOL\u00d3GICA DE LILIA SPINELLI\">CERAMICA, MEMORIA Y TERRITORIO: COMENZ\u00d3 LA PUESTA EN VALOR...<\/a><\/h3>\r\n\r\n            <div class=\"td-module-meta-info\">\r\n                                <span class=\"td-post-date\"><time class=\"entry-date updated td-module-date\" datetime=\"2026-08-30T21:01:09-03:00\" >30 agosto, 2026<\/time><\/span>                <span class=\"td-module-comments\"><a href=\"https:\/\/revistaesperanzas.com\/web\/2026\/08\/ceramica-memoria-y-territorio-comenzo-la-puesta-en-valor-de-la-coleccion-arqueologica-de-lilia-spinelli\/#respond\">0<\/a><\/span>            <\/div>\r\n\r\n\r\n            <div class=\"td-excerpt\">\r\n                La iniciativa, impulsada por Fragmentos del Litoral junto a la Municipalidad de Goya, reuni\u00f3 durante dos jornadas a especialistas del Equipo de Arqueolog\u00eda de la UNR (IECH-CONICET, CEIA-FHyA), trabajadoras...            <\/div>\r\n\r\n            \r\n        <\/div>\r\n\r\n        \n\t<\/div> <!-- .\/td-block-span6 --><\/div><!--.\/row-fluid-->\n\n\t<div class=\"td-block-row\">\n\n\t<div class=\"td-block-span6\">\n\r\n        <div class=\"td_module_2 td_module_wrap td-animation-stack\">\r\n            <div class=\"td-module-image\">\r\n                <div class=\"td-module-thumb\"><a href=\"https:\/\/revistaesperanzas.com\/web\/2026\/08\/curuzu-cuatia-y\/\"  rel=\"bookmark\" class=\"td-image-wrap \" title=\"CURUZU CUATIA y\" ><img loading=\"lazy\" decoding=\"async\" width=\"324\" height=\"160\" class=\"entry-thumb\" src=\"https:\/\/revistaesperanzas.com\/web\/wp-content\/uploads\/2026\/08\/LOGO-1-324x160.jpg\"  srcset=\"https:\/\/revistaesperanzas.com\/web\/wp-content\/uploads\/2026\/08\/LOGO-1-324x160.jpg 324w, https:\/\/revistaesperanzas.com\/web\/wp-content\/uploads\/2026\/08\/LOGO-1-533x261.jpg 533w\" sizes=\"auto, (max-width: 324px) 100vw, 324px\"  alt=\"\" title=\"CURUZU CUATIA y\" \/><\/a><\/div>                            <\/div>\r\n            <h3 class=\"entry-title td-module-title\"><a href=\"https:\/\/revistaesperanzas.com\/web\/2026\/08\/curuzu-cuatia-y\/\"  rel=\"bookmark\" title=\"CURUZU CUATIA y\">CURUZU CUATIA y<\/a><\/h3>\r\n\r\n            <div class=\"td-module-meta-info\">\r\n                                <span class=\"td-post-date\"><time class=\"entry-date updated td-module-date\" datetime=\"2026-08-30T20:39:05-03:00\" >30 agosto, 2026<\/time><\/span>                <span class=\"td-module-comments\"><a href=\"https:\/\/revistaesperanzas.com\/web\/2026\/08\/curuzu-cuatia-y\/#respond\">0<\/a><\/span>            <\/div>\r\n\r\n\r\n            <div class=\"td-excerpt\">\r\n                CURUZU CUATIA\r\nLa Polic\u00eda realizar\u00e1 un importante operativo de seguridad en el marco de las Fiestas Patronales en honor a &quot;Santa Rosa de Lima&quot; Curuz\u00fa Cuati\u00e1 - Corrientes 2026\r\nDesde el...            <\/div>\r\n\r\n            \r\n        <\/div>\r\n\r\n        \n\t<\/div> <!-- .\/td-block-span6 -->\n\n\t<div class=\"td-block-span6\">\n\r\n        <div class=\"td_module_2 td_module_wrap td-animation-stack\">\r\n            <div class=\"td-module-image\">\r\n                <div class=\"td-module-thumb\"><a href=\"https:\/\/revistaesperanzas.com\/web\/2026\/08\/tras-tareas-investigativas-personal-de-la-comisaria-segunda-de-capital\/\"  rel=\"bookmark\" class=\"td-image-wrap \" title=\"TRAS TAREAS INVESTIGATIVAS: PERSONAL DE LA COMISARIA SEGUNDA DE CAPITAL . . . .\" ><img loading=\"lazy\" decoding=\"async\" width=\"324\" height=\"160\" class=\"entry-thumb\" src=\"https:\/\/revistaesperanzas.com\/web\/wp-content\/uploads\/2026\/08\/WhatsApp-Image-2026-08-30-at-14.09.53-324x160.jpeg\"   alt=\"\" title=\"TRAS TAREAS INVESTIGATIVAS: PERSONAL DE LA COMISARIA SEGUNDA DE CAPITAL . . . .\" \/><\/a><\/div>                            <\/div>\r\n            <h3 class=\"entry-title td-module-title\"><a href=\"https:\/\/revistaesperanzas.com\/web\/2026\/08\/tras-tareas-investigativas-personal-de-la-comisaria-segunda-de-capital\/\"  rel=\"bookmark\" title=\"TRAS TAREAS INVESTIGATIVAS: PERSONAL DE LA COMISARIA SEGUNDA DE CAPITAL . . . .\">TRAS TAREAS INVESTIGATIVAS: PERSONAL DE LA COMISARIA SEGUNDA DE...<\/a><\/h3>\r\n\r\n            <div class=\"td-module-meta-info\">\r\n                                <span class=\"td-post-date\"><time class=\"entry-date updated td-module-date\" datetime=\"2026-08-30T20:35:53-03:00\" >30 agosto, 2026<\/time><\/span>                <span class=\"td-module-comments\"><a href=\"https:\/\/revistaesperanzas.com\/web\/2026\/08\/tras-tareas-investigativas-personal-de-la-comisaria-segunda-de-capital\/#respond\">0<\/a><\/span>            <\/div>\r\n\r\n\r\n            <div class=\"td-excerpt\">\r\n                La Polic\u00eda recupero dos reflectores sustra\u00eddos de una iglesia\r\n\r\nAyer 29-08-26, Efectivos policiales de la Comisar\u00eda Segunda, tras distintas tareas investigativas, en colaboraci\u00f3n con la unidad fiscal interviniente, lograron recuperar...            <\/div>\r\n\r\n            \r\n        <\/div>\r\n\r\n        \n\t<\/div> <!-- .\/td-block-span6 --><\/div><!--.\/row-fluid-->\n\n\t<div class=\"td-block-row\">\n\n\t<div class=\"td-block-span6\">\n\r\n        <div class=\"td_module_2 td_module_wrap td-animation-stack\">\r\n            <div class=\"td-module-image\">\r\n                <div class=\"td-module-thumb\"><a href=\"https:\/\/revistaesperanzas.com\/web\/2026\/08\/empedrado-detienen-a-dos-peprsonas-y-secuestran-elementos-de-fraccionamiento-de-drogas-marihuana-dinero-en-efectivo-yotros-elementos\/\"  rel=\"bookmark\" class=\"td-image-wrap \" title=\"EMPEDRADO: DETIENEN A DOS PEPRSONAS Y SECUESTRAN ELEMENTOS DE FRACCIONAMIENTO DE DROGAS, MARIHUANA, DINERO EN EFECTIVO YOTROS ELEMENTOS\" ><img loading=\"lazy\" decoding=\"async\" width=\"324\" height=\"160\" class=\"entry-thumb\" src=\"https:\/\/revistaesperanzas.com\/web\/wp-content\/uploads\/2026\/08\/WhatsApp-Image-2026-08-29-at-20.24.23-2-324x160.jpeg\"  srcset=\"https:\/\/revistaesperanzas.com\/web\/wp-content\/uploads\/2026\/08\/WhatsApp-Image-2026-08-29-at-20.24.23-2-324x160.jpeg 324w, https:\/\/revistaesperanzas.com\/web\/wp-content\/uploads\/2026\/08\/WhatsApp-Image-2026-08-29-at-20.24.23-2-533x261.jpeg 533w\" sizes=\"auto, (max-width: 324px) 100vw, 324px\"  alt=\"\" title=\"EMPEDRADO: DETIENEN A DOS PEPRSONAS Y SECUESTRAN ELEMENTOS DE FRACCIONAMIENTO DE DROGAS, MARIHUANA, DINERO EN EFECTIVO YOTROS ELEMENTOS\" \/><\/a><\/div>                            <\/div>\r\n            <h3 class=\"entry-title td-module-title\"><a href=\"https:\/\/revistaesperanzas.com\/web\/2026\/08\/empedrado-detienen-a-dos-peprsonas-y-secuestran-elementos-de-fraccionamiento-de-drogas-marihuana-dinero-en-efectivo-yotros-elementos\/\"  rel=\"bookmark\" title=\"EMPEDRADO: DETIENEN A DOS PEPRSONAS Y SECUESTRAN ELEMENTOS DE FRACCIONAMIENTO DE DROGAS, MARIHUANA, DINERO EN EFECTIVO YOTROS ELEMENTOS\">EMPEDRADO: DETIENEN A DOS PEPRSONAS Y SECUESTRAN ELEMENTOS DE...<\/a><\/h3>\r\n\r\n            <div class=\"td-module-meta-info\">\r\n                                <span class=\"td-post-date\"><time class=\"entry-date updated td-module-date\" datetime=\"2026-08-30T20:32:29-03:00\" >30 agosto, 2026<\/time><\/span>                <span class=\"td-module-comments\"><a href=\"https:\/\/revistaesperanzas.com\/web\/2026\/08\/empedrado-detienen-a-dos-peprsonas-y-secuestran-elementos-de-fraccionamiento-de-drogas-marihuana-dinero-en-efectivo-yotros-elementos\/#respond\">0<\/a><\/span>            <\/div>\r\n\r\n\r\n            <div class=\"td-excerpt\">\r\n                En horas de la madrugada de hoy 29-08-26, en el marco de los operativos de prevenci\u00f3n y contralor, efectivos policiales de la Comisar\u00eda Distrito Empedrado y de la divisi\u00f3n...            <\/div>\r\n\r\n            \r\n        <\/div>\r\n\r\n        \n\t<\/div> <!-- .\/td-block-span6 -->\n\n\t<div class=\"td-block-span6\">\n\r\n        <div class=\"td_module_2 td_module_wrap td-animation-stack\">\r\n            <div class=\"td-module-image\">\r\n                <div class=\"td-module-thumb\"><a href=\"https:\/\/revistaesperanzas.com\/web\/2026\/08\/goya-policia-de-corrientes-recupera-telefono-celular-y-demora-al-autor-del-hecho\/\"  rel=\"bookmark\" class=\"td-image-wrap \" title=\"GOYA: POLICIA DE CORRIENTES RECUPERA TEL\u00c9FONO CELULAR Y DEMORA AL AUTOR DEL HECHO\" ><img loading=\"lazy\" decoding=\"async\" width=\"324\" height=\"160\" class=\"entry-thumb\" src=\"https:\/\/revistaesperanzas.com\/web\/wp-content\/uploads\/2026\/08\/WhatsApp-Image-2026-08-29-at-20.24.22-324x160.jpeg\"   alt=\"\" title=\"GOYA: POLICIA DE CORRIENTES RECUPERA TEL\u00c9FONO CELULAR Y DEMORA AL AUTOR DEL HECHO\" \/><\/a><\/div>                            <\/div>\r\n            <h3 class=\"entry-title td-module-title\"><a href=\"https:\/\/revistaesperanzas.com\/web\/2026\/08\/goya-policia-de-corrientes-recupera-telefono-celular-y-demora-al-autor-del-hecho\/\"  rel=\"bookmark\" title=\"GOYA: POLICIA DE CORRIENTES RECUPERA TEL\u00c9FONO CELULAR Y DEMORA AL AUTOR DEL HECHO\">GOYA: POLICIA DE CORRIENTES RECUPERA TEL\u00c9FONO CELULAR Y DEMORA...<\/a><\/h3>\r\n\r\n            <div class=\"td-module-meta-info\">\r\n                                <span class=\"td-post-date\"><time class=\"entry-date updated td-module-date\" datetime=\"2026-08-30T20:23:52-03:00\" >30 agosto, 2026<\/time><\/span>                <span class=\"td-module-comments\"><a href=\"https:\/\/revistaesperanzas.com\/web\/2026\/08\/goya-policia-de-corrientes-recupera-telefono-celular-y-demora-al-autor-del-hecho\/#respond\">0<\/a><\/span>            <\/div>\r\n\r\n\r\n            <div class=\"td-excerpt\">\r\n                R\u00e1pido accionar, la Polic\u00eda recuper\u00f3 un tel\u00e9fono celular recientemente sustra\u00eddo y demor\u00f3 a los presuntos autores del hecho\r\n\r\nEn la jornada de ayer 28-08-26, efectivos policiales de la Comisar\u00eda distrito...            <\/div>\r\n\r\n            \r\n        <\/div>\r\n\r\n        \n\t<\/div> <!-- .\/td-block-span6 --><\/div><!--.\/row-fluid-->\n\n\t<div class=\"td-block-row\">\n\n\t<div class=\"td-block-span6\">\n\r\n        <div class=\"td_module_2 td_module_wrap td-animation-stack\">\r\n            <div class=\"td-module-image\">\r\n                <div class=\"td-module-thumb\"><a href=\"https:\/\/revistaesperanzas.com\/web\/2026\/08\/finalizo-con-exito-el-dispositivo-de-seguridad\/\"  rel=\"bookmark\" class=\"td-image-wrap \" title=\"FINALIZ\u00d3 CON EXITO EL DISPOSITIVO DE SEGURIDAD\" ><img loading=\"lazy\" decoding=\"async\" width=\"324\" height=\"160\" class=\"entry-thumb\" src=\"https:\/\/revistaesperanzas.com\/web\/wp-content\/uploads\/2026\/08\/WhatsApp-Image-2026-08-29-at-20.24.02-2-324x160.jpeg\"  srcset=\"https:\/\/revistaesperanzas.com\/web\/wp-content\/uploads\/2026\/08\/WhatsApp-Image-2026-08-29-at-20.24.02-2-324x160.jpeg 324w, https:\/\/revistaesperanzas.com\/web\/wp-content\/uploads\/2026\/08\/WhatsApp-Image-2026-08-29-at-20.24.02-2-533x261.jpeg 533w\" sizes=\"auto, (max-width: 324px) 100vw, 324px\"  alt=\"\" title=\"FINALIZ\u00d3 CON EXITO EL DISPOSITIVO DE SEGURIDAD\" \/><\/a><\/div>                            <\/div>\r\n            <h3 class=\"entry-title td-module-title\"><a href=\"https:\/\/revistaesperanzas.com\/web\/2026\/08\/finalizo-con-exito-el-dispositivo-de-seguridad\/\"  rel=\"bookmark\" title=\"FINALIZ\u00d3 CON EXITO EL DISPOSITIVO DE SEGURIDAD\">FINALIZ\u00d3 CON EXITO EL DISPOSITIVO DE SEGURIDAD<\/a><\/h3>\r\n\r\n            <div class=\"td-module-meta-info\">\r\n                                <span class=\"td-post-date\"><time class=\"entry-date updated td-module-date\" datetime=\"2026-08-30T20:21:06-03:00\" >30 agosto, 2026<\/time><\/span>                <span class=\"td-module-comments\"><a href=\"https:\/\/revistaesperanzas.com\/web\/2026\/08\/finalizo-con-exito-el-dispositivo-de-seguridad\/#respond\">0<\/a><\/span>            <\/div>\r\n\r\n\r\n            <div class=\"td-excerpt\">\r\n                Con la fe del peregrino, la familia policial lleg\u00f3 a los pies de Nuestra Se\u00f1ora de Itat\u00ed\r\nEn medio de un clima festivo, integrantes de la fuerza como familiares, amigos...            <\/div>\r\n\r\n            \r\n        <\/div>\r\n\r\n        \n\t<\/div> <!-- .\/td-block-span6 -->\n\n\t<div class=\"td-block-span6\">\n\r\n        <div class=\"td_module_2 td_module_wrap td-animation-stack\">\r\n            <div class=\"td-module-image\">\r\n                <div class=\"td-module-thumb\"><a href=\"https:\/\/revistaesperanzas.com\/web\/2026\/08\/temporal-azoto-un-sector-de-la-zona-rural-de-goya\/\"  rel=\"bookmark\" class=\"td-image-wrap \" title=\"TEMPORAL AZOT\u00d3 UN SECTOR DE LA ZONA RURAL DE GOYA\" ><img loading=\"lazy\" decoding=\"async\" width=\"324\" height=\"160\" class=\"entry-thumb\" src=\"https:\/\/revistaesperanzas.com\/web\/wp-content\/uploads\/2026\/08\/fuerte-temporal-zona-rural-Goya-ilustracion-324x160.jpg\"  srcset=\"https:\/\/revistaesperanzas.com\/web\/wp-content\/uploads\/2026\/08\/fuerte-temporal-zona-rural-Goya-ilustracion-324x160.jpg 324w, https:\/\/revistaesperanzas.com\/web\/wp-content\/uploads\/2026\/08\/fuerte-temporal-zona-rural-Goya-ilustracion-533x261.jpg 533w\" sizes=\"auto, (max-width: 324px) 100vw, 324px\"  alt=\"\" title=\"TEMPORAL AZOT\u00d3 UN SECTOR DE LA ZONA RURAL DE GOYA\" \/><\/a><\/div>                            <\/div>\r\n            <h3 class=\"entry-title td-module-title\"><a href=\"https:\/\/revistaesperanzas.com\/web\/2026\/08\/temporal-azoto-un-sector-de-la-zona-rural-de-goya\/\"  rel=\"bookmark\" title=\"TEMPORAL AZOT\u00d3 UN SECTOR DE LA ZONA RURAL DE GOYA\">TEMPORAL AZOT\u00d3 UN SECTOR DE LA ZONA RURAL DE...<\/a><\/h3>\r\n\r\n            <div class=\"td-module-meta-info\">\r\n                                <span class=\"td-post-date\"><time class=\"entry-date updated td-module-date\" datetime=\"2026-08-30T20:06:59-03:00\" >30 agosto, 2026<\/time><\/span>                <span class=\"td-module-comments\"><a href=\"https:\/\/revistaesperanzas.com\/web\/2026\/08\/temporal-azoto-un-sector-de-la-zona-rural-de-goya\/#respond\">0<\/a><\/span>            <\/div>\r\n\r\n\r\n            <div class=\"td-excerpt\">\r\n                En la ma\u00f1ana del viernes 28 de agosto, se desataron fuertes r\u00e1fagas de viento del sector sur con la consecuente ca\u00edda de granizo. Imagen: Color verde, marca el sector...            <\/div>\r\n\r\n            \r\n        <\/div>\r\n\r\n        \n\t<\/div> <!-- .\/td-block-span6 --><\/div><!--.\/row-fluid-->\n\n\t<div class=\"td-block-row\">\n\n\t<div class=\"td-block-span6\">\n\r\n        <div class=\"td_module_2 td_module_wrap td-animation-stack\">\r\n            <div class=\"td-module-image\">\r\n                <div class=\"td-module-thumb\"><a href=\"https:\/\/revistaesperanzas.com\/web\/2026\/08\/arruinaste-cuatro-familias-el-devastador-mensaje-del-padrastro-de-las-hermanas-fallecidas-en-el-accidente-de-cordoba\/\"  rel=\"bookmark\" class=\"td-image-wrap \" title=\"&#8220;ARRUINASTE CUATRO FAMILIAS&#8221;: EL DEVASTADOR MENSAJE DEL PADRASTRO DE LAS HERMANAS FALLECIDAS EN EL ACCIDENTE DE C\u00d3RDOBA\" ><img loading=\"lazy\" decoding=\"async\" width=\"324\" height=\"160\" class=\"entry-thumb\" src=\"https:\/\/revistaesperanzas.com\/web\/wp-content\/uploads\/2026\/08\/choque-324x160.png\"  srcset=\"https:\/\/revistaesperanzas.com\/web\/wp-content\/uploads\/2026\/08\/choque-324x160.png 324w, https:\/\/revistaesperanzas.com\/web\/wp-content\/uploads\/2026\/08\/choque-533x261.png 533w\" sizes=\"auto, (max-width: 324px) 100vw, 324px\"  alt=\"\" title=\"&#8220;ARRUINASTE CUATRO FAMILIAS&#8221;: EL DEVASTADOR MENSAJE DEL PADRASTRO DE LAS HERMANAS FALLECIDAS EN EL ACCIDENTE DE C\u00d3RDOBA\" \/><\/a><\/div>                            <\/div>\r\n            <h3 class=\"entry-title td-module-title\"><a href=\"https:\/\/revistaesperanzas.com\/web\/2026\/08\/arruinaste-cuatro-familias-el-devastador-mensaje-del-padrastro-de-las-hermanas-fallecidas-en-el-accidente-de-cordoba\/\"  rel=\"bookmark\" title=\"&#8220;ARRUINASTE CUATRO FAMILIAS&#8221;: EL DEVASTADOR MENSAJE DEL PADRASTRO DE LAS HERMANAS FALLECIDAS EN EL ACCIDENTE DE C\u00d3RDOBA\">&#8220;ARRUINASTE CUATRO FAMILIAS&#8221;: EL DEVASTADOR MENSAJE DEL PADRASTRO DE...<\/a><\/h3>\r\n\r\n            <div class=\"td-module-meta-info\">\r\n                                <span class=\"td-post-date\"><time class=\"entry-date updated td-module-date\" datetime=\"2026-08-29T09:09:47-03:00\" >29 agosto, 2026<\/time><\/span>                <span class=\"td-module-comments\"><a href=\"https:\/\/revistaesperanzas.com\/web\/2026\/08\/arruinaste-cuatro-familias-el-devastador-mensaje-del-padrastro-de-las-hermanas-fallecidas-en-el-accidente-de-cordoba\/#respond\">0<\/a><\/span>            <\/div>\r\n\r\n\r\n            <div class=\"td-excerpt\">\r\n                \r\n\r\n\r\nEl padrastro de las hermanas fallecidas en un choque frontal en C\u00f3rdoba habl\u00f3 y apunt\u00f3 contra el conductor involucrado. Dej\u00f3 fuertes declaraciones.\r\n\r\n\r\n\r\nEl padrasto de las hermanas que fallecieron en...            <\/div>\r\n\r\n            \r\n        <\/div>\r\n\r\n        \n\t<\/div> <!-- .\/td-block-span6 -->\n\n\t<div class=\"td-block-span6\">\n\r\n        <div class=\"td_module_2 td_module_wrap td-animation-stack\">\r\n            <div class=\"td-module-image\">\r\n                <div class=\"td-module-thumb\"><a href=\"https:\/\/revistaesperanzas.com\/web\/2026\/08\/club-de-leones-goya-proyecto-mejor-ambiente-vida\/\"  rel=\"bookmark\" class=\"td-image-wrap \" title=\"Club de Leones Goya  PROYECTO MEJOR AMBIENTE +VIDA\" ><img loading=\"lazy\" decoding=\"async\" width=\"324\" height=\"160\" class=\"entry-thumb\" src=\"https:\/\/revistaesperanzas.com\/web\/wp-content\/uploads\/2026\/08\/Proyecto-ambiente-mas-vida-Club-de-leones-capacitacion-2-324x160.jpg\"  srcset=\"https:\/\/revistaesperanzas.com\/web\/wp-content\/uploads\/2026\/08\/Proyecto-ambiente-mas-vida-Club-de-leones-capacitacion-2-324x160.jpg 324w, https:\/\/revistaesperanzas.com\/web\/wp-content\/uploads\/2026\/08\/Proyecto-ambiente-mas-vida-Club-de-leones-capacitacion-2-533x261.jpg 533w\" sizes=\"auto, (max-width: 324px) 100vw, 324px\"  alt=\"\" title=\"Club de Leones Goya  PROYECTO MEJOR AMBIENTE +VIDA\" \/><\/a><\/div>                            <\/div>\r\n            <h3 class=\"entry-title td-module-title\"><a href=\"https:\/\/revistaesperanzas.com\/web\/2026\/08\/club-de-leones-goya-proyecto-mejor-ambiente-vida\/\"  rel=\"bookmark\" title=\"Club de Leones Goya  PROYECTO MEJOR AMBIENTE +VIDA\">Club de Leones Goya  PROYECTO MEJOR AMBIENTE +VIDA<\/a><\/h3>\r\n\r\n            <div class=\"td-module-meta-info\">\r\n                                <span class=\"td-post-date\"><time class=\"entry-date updated td-module-date\" datetime=\"2026-08-28T22:11:11-03:00\" >28 agosto, 2026<\/time><\/span>                <span class=\"td-module-comments\"><a href=\"https:\/\/revistaesperanzas.com\/web\/2026\/08\/club-de-leones-goya-proyecto-mejor-ambiente-vida\/#respond\">0<\/a><\/span>            <\/div>\r\n\r\n\r\n            <div class=\"td-excerpt\">\r\n                Las jornadas de capacitaci\u00f3n promovidas por el Club de Leones Goya llegaron a su final, el viernes 28 en la sede del Instituto Superior de Formaci\u00f3n \u201cDr. Daniel Lesteime\u201d....            <\/div>\r\n\r\n            \r\n        <\/div>\r\n\r\n        \n\t<\/div> <!-- .\/td-block-span6 --><\/div><!--.\/row-fluid-->\n\n\t<div class=\"td-block-row\">\n\n\t<div class=\"td-block-span6\">\n\r\n        <div class=\"td_module_2 td_module_wrap td-animation-stack\">\r\n            <div class=\"td-module-image\">\r\n                <div class=\"td-module-thumb\"><a href=\"https:\/\/revistaesperanzas.com\/web\/2026\/08\/10o-aniversario-de-la-unidad-penal-8-el-intendente-mariano-hormaechea-junto-al-viceintendente-sebastian-mazzaro-participo-del-acto-protocolar\/\"  rel=\"bookmark\" class=\"td-image-wrap \" title=\"10\u00ba ANIVERSARIO DE LA UNIDAD PENAL 8:  EL INTENDENTE MARIANO HORMAECHEA JUNTO AL VICEINTENDENTE SEBASTIAN MAZZARO PARTICIP\u00d3 DEL ACTO PROTOCOLAR\" ><img loading=\"lazy\" decoding=\"async\" width=\"324\" height=\"160\" class=\"entry-thumb\" src=\"https:\/\/revistaesperanzas.com\/web\/wp-content\/uploads\/2026\/08\/Acto-protocolar-10-anos-Unidad-Penal-8-2-324x160.jpg\"  srcset=\"https:\/\/revistaesperanzas.com\/web\/wp-content\/uploads\/2026\/08\/Acto-protocolar-10-anos-Unidad-Penal-8-2-324x160.jpg 324w, https:\/\/revistaesperanzas.com\/web\/wp-content\/uploads\/2026\/08\/Acto-protocolar-10-anos-Unidad-Penal-8-2-533x261.jpg 533w\" sizes=\"auto, (max-width: 324px) 100vw, 324px\"  alt=\"\" title=\"10\u00ba ANIVERSARIO DE LA UNIDAD PENAL 8:  EL INTENDENTE MARIANO HORMAECHEA JUNTO AL VICEINTENDENTE SEBASTIAN MAZZARO PARTICIP\u00d3 DEL ACTO PROTOCOLAR\" \/><\/a><\/div>                            <\/div>\r\n            <h3 class=\"entry-title td-module-title\"><a href=\"https:\/\/revistaesperanzas.com\/web\/2026\/08\/10o-aniversario-de-la-unidad-penal-8-el-intendente-mariano-hormaechea-junto-al-viceintendente-sebastian-mazzaro-participo-del-acto-protocolar\/\"  rel=\"bookmark\" title=\"10\u00ba ANIVERSARIO DE LA UNIDAD PENAL 8:  EL INTENDENTE MARIANO HORMAECHEA JUNTO AL VICEINTENDENTE SEBASTIAN MAZZARO PARTICIP\u00d3 DEL ACTO PROTOCOLAR\">10\u00ba ANIVERSARIO DE LA UNIDAD PENAL 8:  EL...<\/a><\/h3>\r\n\r\n            <div class=\"td-module-meta-info\">\r\n                                <span class=\"td-post-date\"><time class=\"entry-date updated td-module-date\" datetime=\"2026-08-28T22:06:33-03:00\" >28 agosto, 2026<\/time><\/span>                <span class=\"td-module-comments\"><a href=\"https:\/\/revistaesperanzas.com\/web\/2026\/08\/10o-aniversario-de-la-unidad-penal-8-el-intendente-mariano-hormaechea-junto-al-viceintendente-sebastian-mazzaro-participo-del-acto-protocolar\/#respond\">0<\/a><\/span>            <\/div>\r\n\r\n\r\n            <div class=\"td-excerpt\">\r\n                En la ma\u00f1ana del viernes, en la Unidad Penal 8 se llev\u00f3 a cabo el acto protocolar para conmemorar los 10 a\u00f1os de funcionamiento de la Unidad Penal 8\r\nDe...            <\/div>\r\n\r\n            \r\n        <\/div>\r\n\r\n        \n\t<\/div> <!-- .\/td-block-span6 -->\n\n\t<div class=\"td-block-span6\">\n\r\n        <div class=\"td_module_2 td_module_wrap td-animation-stack\">\r\n            <div class=\"td-module-image\">\r\n                <div class=\"td-module-thumb\"><a href=\"https:\/\/revistaesperanzas.com\/web\/2026\/08\/ituzaingo-un-despliegue-policial-permitio-aprehender-a-dos-personas-extranjeras-y-recuperar-animales-maniatados-a-orilla-del-rio-parana\/\"  rel=\"bookmark\" class=\"td-image-wrap \" title=\"ITUZAING\u00d3: UN DESPLIEGUE POLICIAL PERMITI\u00d3 APREHENDER A DOS PERSONAS EXTRANJERAS Y RECUPERAR ANIMALES MANIATADOS A ORILLA DEL R\u00cdO PARAN\u00c1\" ><img loading=\"lazy\" decoding=\"async\" width=\"324\" height=\"160\" class=\"entry-thumb\" src=\"https:\/\/revistaesperanzas.com\/web\/wp-content\/uploads\/2026\/08\/WhatsApp-Image-2026-08-28-at-20.50.09-2-324x160.jpeg\"  srcset=\"https:\/\/revistaesperanzas.com\/web\/wp-content\/uploads\/2026\/08\/WhatsApp-Image-2026-08-28-at-20.50.09-2-324x160.jpeg 324w, https:\/\/revistaesperanzas.com\/web\/wp-content\/uploads\/2026\/08\/WhatsApp-Image-2026-08-28-at-20.50.09-2-533x261.jpeg 533w\" sizes=\"auto, (max-width: 324px) 100vw, 324px\"  alt=\"\" title=\"ITUZAING\u00d3: UN DESPLIEGUE POLICIAL PERMITI\u00d3 APREHENDER A DOS PERSONAS EXTRANJERAS Y RECUPERAR ANIMALES MANIATADOS A ORILLA DEL R\u00cdO PARAN\u00c1\" \/><\/a><\/div>                            <\/div>\r\n            <h3 class=\"entry-title td-module-title\"><a href=\"https:\/\/revistaesperanzas.com\/web\/2026\/08\/ituzaingo-un-despliegue-policial-permitio-aprehender-a-dos-personas-extranjeras-y-recuperar-animales-maniatados-a-orilla-del-rio-parana\/\"  rel=\"bookmark\" title=\"ITUZAING\u00d3: UN DESPLIEGUE POLICIAL PERMITI\u00d3 APREHENDER A DOS PERSONAS EXTRANJERAS Y RECUPERAR ANIMALES MANIATADOS A ORILLA DEL R\u00cdO PARAN\u00c1\">ITUZAING\u00d3: UN DESPLIEGUE POLICIAL PERMITI\u00d3 APREHENDER A DOS PERSONAS...<\/a><\/h3>\r\n\r\n            <div class=\"td-module-meta-info\">\r\n                                <span class=\"td-post-date\"><time class=\"entry-date updated td-module-date\" datetime=\"2026-08-28T21:45:42-03:00\" >28 agosto, 2026<\/time><\/span>                <span class=\"td-module-comments\"><a href=\"https:\/\/revistaesperanzas.com\/web\/2026\/08\/ituzaingo-un-despliegue-policial-permitio-aprehender-a-dos-personas-extranjeras-y-recuperar-animales-maniatados-a-orilla-del-rio-parana\/#respond\">0<\/a><\/span>            <\/div>\r\n\r\n\r\n            <div class=\"td-excerpt\">\r\n                En la madrugada de hoy 28-08-26, efectivos policiales de la Unidad Especial de Seguridad Rural y Ecol\u00f3gica junto a sus pares del Grupo T\u00e1ctico Operacional -G.T.O-, ambos de la...            <\/div>\r\n\r\n            \r\n        <\/div>\r\n\r\n        \n\t<\/div> <!-- .\/td-block-span6 --><\/div><!--.\/row-fluid-->\n\n\t<div class=\"td-block-row\">\n\n\t<div class=\"td-block-span6\">\n\r\n        <div class=\"td_module_2 td_module_wrap td-animation-stack\">\r\n            <div class=\"td-module-image\">\r\n                <div class=\"td-module-thumb\"><a href=\"https:\/\/revistaesperanzas.com\/web\/2026\/08\/paso-de-los-libres-en-14-allanamientos-secuestran-martihuana-cocaina-motocicletas-celulares-elementos-utilizados-para-comerciar-drogas\/\"  rel=\"bookmark\" class=\"td-image-wrap \" title=\"PASO DE LOS LIBRES: EN 14 ALLANAMIENTOS SECUESTRAN MARTIHUANA, COCA\u00cdNA, MOTOCICLETAS, CELULARES, ELEMENTOS UTILIZADOS PARA COMERCIAR DROGAS. . . . .\" ><img loading=\"lazy\" decoding=\"async\" width=\"324\" height=\"160\" class=\"entry-thumb\" src=\"https:\/\/revistaesperanzas.com\/web\/wp-content\/uploads\/2026\/08\/WhatsApp-Image-2026-08-28-at-20.50.09-324x160.jpeg\"  srcset=\"https:\/\/revistaesperanzas.com\/web\/wp-content\/uploads\/2026\/08\/WhatsApp-Image-2026-08-28-at-20.50.09-324x160.jpeg 324w, https:\/\/revistaesperanzas.com\/web\/wp-content\/uploads\/2026\/08\/WhatsApp-Image-2026-08-28-at-20.50.09-533x261.jpeg 533w\" sizes=\"auto, (max-width: 324px) 100vw, 324px\"  alt=\"\" title=\"PASO DE LOS LIBRES: EN 14 ALLANAMIENTOS SECUESTRAN MARTIHUANA, COCA\u00cdNA, MOTOCICLETAS, CELULARES, ELEMENTOS UTILIZADOS PARA COMERCIAR DROGAS. . . . .\" \/><\/a><\/div>                            <\/div>\r\n            <h3 class=\"entry-title td-module-title\"><a href=\"https:\/\/revistaesperanzas.com\/web\/2026\/08\/paso-de-los-libres-en-14-allanamientos-secuestran-martihuana-cocaina-motocicletas-celulares-elementos-utilizados-para-comerciar-drogas\/\"  rel=\"bookmark\" title=\"PASO DE LOS LIBRES: EN 14 ALLANAMIENTOS SECUESTRAN MARTIHUANA, COCA\u00cdNA, MOTOCICLETAS, CELULARES, ELEMENTOS UTILIZADOS PARA COMERCIAR DROGAS. . . . .\">PASO DE LOS LIBRES: EN 14 ALLANAMIENTOS SECUESTRAN MARTIHUANA,...<\/a><\/h3>\r\n\r\n            <div class=\"td-module-meta-info\">\r\n                                <span class=\"td-post-date\"><time class=\"entry-date updated td-module-date\" datetime=\"2026-08-28T21:38:37-03:00\" >28 agosto, 2026<\/time><\/span>                <span class=\"td-module-comments\"><a href=\"https:\/\/revistaesperanzas.com\/web\/2026\/08\/paso-de-los-libres-en-14-allanamientos-secuestran-martihuana-cocaina-motocicletas-celulares-elementos-utilizados-para-comerciar-drogas\/#respond\">0<\/a><\/span>            <\/div>\r\n\r\n\r\n            <div class=\"td-excerpt\">\r\n                La Polic\u00eda tras diligenciar 14 ordenes de allanamientos, secuestraron marihuana, dosis de coca\u00edna, motocicletas, celulares y otros elementos utilizados para la comercializaci\u00f3n de drogas. Adem\u00e1s, demoraron a 14 personas.\r\n\r\nEn...            <\/div>\r\n\r\n            \r\n        <\/div>\r\n\r\n        \n\t<\/div> <!-- .\/td-block-span6 -->\n\n\t<div class=\"td-block-span6\">\n\r\n        <div class=\"td_module_2 td_module_wrap td-animation-stack\">\r\n            <div class=\"td-module-image\">\r\n                <div class=\"td-module-thumb\"><a href=\"https:\/\/revistaesperanzas.com\/web\/2026\/08\/jubilados-de-goya-celebraran-su-dia-el-19-de-septiembre\/\"  rel=\"bookmark\" class=\"td-image-wrap \" title=\"JUBILADOS DE GOYA CELEBRAR\u00c1N SU D\u00cdA EL 19 DE SEPTIEMBRE\" ><img loading=\"lazy\" decoding=\"async\" width=\"324\" height=\"160\" class=\"entry-thumb\" src=\"https:\/\/revistaesperanzas.com\/web\/wp-content\/uploads\/2026\/08\/JUBIPEN-DIA-DEL-JUBILADO-RETAMOZO-Y-MENDOZA-324x160.png\"  srcset=\"https:\/\/revistaesperanzas.com\/web\/wp-content\/uploads\/2026\/08\/JUBIPEN-DIA-DEL-JUBILADO-RETAMOZO-Y-MENDOZA-324x160.png 324w, https:\/\/revistaesperanzas.com\/web\/wp-content\/uploads\/2026\/08\/JUBIPEN-DIA-DEL-JUBILADO-RETAMOZO-Y-MENDOZA-533x261.png 533w\" sizes=\"auto, (max-width: 324px) 100vw, 324px\"  alt=\"\" title=\"JUBILADOS DE GOYA CELEBRAR\u00c1N SU D\u00cdA EL 19 DE SEPTIEMBRE\" \/><\/a><\/div>                            <\/div>\r\n            <h3 class=\"entry-title td-module-title\"><a href=\"https:\/\/revistaesperanzas.com\/web\/2026\/08\/jubilados-de-goya-celebraran-su-dia-el-19-de-septiembre\/\"  rel=\"bookmark\" title=\"JUBILADOS DE GOYA CELEBRAR\u00c1N SU D\u00cdA EL 19 DE SEPTIEMBRE\">JUBILADOS DE GOYA CELEBRAR\u00c1N SU D\u00cdA EL 19 DE...<\/a><\/h3>\r\n\r\n            <div class=\"td-module-meta-info\">\r\n                                <span class=\"td-post-date\"><time class=\"entry-date updated td-module-date\" datetime=\"2026-08-28T18:36:33-03:00\" >28 agosto, 2026<\/time><\/span>                <span class=\"td-module-comments\"><a href=\"https:\/\/revistaesperanzas.com\/web\/2026\/08\/jubilados-de-goya-celebraran-su-dia-el-19-de-septiembre\/#respond\">0<\/a><\/span>            <\/div>\r\n\r\n\r\n            <div class=\"td-excerpt\">\r\n                El Centro de Jubilados y Pensionados Nacionales prepara una fiesta social, talleres gratuitos y viajes tur\u00edsticos para sus socios. Ignacio Retamozo, presidente, y H\u00e9ctor Mendoza, vicepresidente de JUBIPEN, informaron...            <\/div>\r\n\r\n            \r\n        <\/div>\r\n\r\n        \n\t<\/div> <!-- .\/td-block-span6 --><\/div><!--.\/row-fluid-->\n\n\t<div class=\"td-block-row\">\n\n\t<div class=\"td-block-span6\">\n\r\n        <div class=\"td_module_2 td_module_wrap td-animation-stack\">\r\n            <div class=\"td-module-image\">\r\n                <div class=\"td-module-thumb\"><a href=\"https:\/\/revistaesperanzas.com\/web\/2026\/08\/pro-de-go-intendente-hormaechea-constato-funcionamiento-de-estaciones-de-bombeo-de-la-ciudad\/\"  rel=\"bookmark\" class=\"td-image-wrap \" title=\"PRO.DE.GO  INTENDENTE HORMAECHEA CONSTAT\u00d3 FUNCIONAMIENTO DE ESTACIONES DE BOMBEO DE LA CIUDAD\" ><img loading=\"lazy\" decoding=\"async\" width=\"324\" height=\"160\" class=\"entry-thumb\" src=\"https:\/\/revistaesperanzas.com\/web\/wp-content\/uploads\/2026\/08\/PRODEGO-2-324x160.jpg\"  srcset=\"https:\/\/revistaesperanzas.com\/web\/wp-content\/uploads\/2026\/08\/PRODEGO-2-324x160.jpg 324w, https:\/\/revistaesperanzas.com\/web\/wp-content\/uploads\/2026\/08\/PRODEGO-2-533x261.jpg 533w\" sizes=\"auto, (max-width: 324px) 100vw, 324px\"  alt=\"\" title=\"PRO.DE.GO  INTENDENTE HORMAECHEA CONSTAT\u00d3 FUNCIONAMIENTO DE ESTACIONES DE BOMBEO DE LA CIUDAD\" \/><\/a><\/div>                            <\/div>\r\n            <h3 class=\"entry-title td-module-title\"><a href=\"https:\/\/revistaesperanzas.com\/web\/2026\/08\/pro-de-go-intendente-hormaechea-constato-funcionamiento-de-estaciones-de-bombeo-de-la-ciudad\/\"  rel=\"bookmark\" title=\"PRO.DE.GO  INTENDENTE HORMAECHEA CONSTAT\u00d3 FUNCIONAMIENTO DE ESTACIONES DE BOMBEO DE LA CIUDAD\">PRO.DE.GO  INTENDENTE HORMAECHEA CONSTAT\u00d3 FUNCIONAMIENTO DE ESTACIONES DE...<\/a><\/h3>\r\n\r\n            <div class=\"td-module-meta-info\">\r\n                                <span class=\"td-post-date\"><time class=\"entry-date updated td-module-date\" datetime=\"2026-08-28T18:25:18-03:00\" >28 agosto, 2026<\/time><\/span>                <span class=\"td-module-comments\"><a href=\"https:\/\/revistaesperanzas.com\/web\/2026\/08\/pro-de-go-intendente-hormaechea-constato-funcionamiento-de-estaciones-de-bombeo-de-la-ciudad\/#respond\">0<\/a><\/span>            <\/div>\r\n\r\n\r\n            <div class=\"td-excerpt\">\r\n                Este jueves, el intendente municipal de Goya, Mariano Hormaechea, estuvo recorriendo y constatando las estaciones de bombeo de la ciudad. El ingeniero Gustavo Gabiassi, administrador del PRODEGO acompa\u00f1\u00f3 la...            <\/div>\r\n\r\n            \r\n        <\/div>\r\n\r\n        \n\t<\/div> <!-- .\/td-block-span6 -->\n\n\t<div class=\"td-block-span6\">\n\r\n        <div class=\"td_module_2 td_module_wrap td-animation-stack\">\r\n            <div class=\"td-module-image\">\r\n                <div class=\"td-module-thumb\"><a href=\"https:\/\/revistaesperanzas.com\/web\/2026\/08\/administrador-del-prodego-ing-gustavo-gabiassi-analizo-la-marcha-de-los-trabajos-preventivos\/\"  rel=\"bookmark\" class=\"td-image-wrap \" title=\"ADMINISTRADOR DEL PRODEGO, ING. GUSTAVO GABIASSI, ANALIZ\u00d3 LA MARCHA DE LOS TRABAJOS PREVENTIVOS\" ><img loading=\"lazy\" decoding=\"async\" width=\"324\" height=\"160\" class=\"entry-thumb\" src=\"https:\/\/revistaesperanzas.com\/web\/wp-content\/uploads\/2026\/08\/gabiassi-324x160.jpg\"  srcset=\"https:\/\/revistaesperanzas.com\/web\/wp-content\/uploads\/2026\/08\/gabiassi-324x160.jpg 324w, https:\/\/revistaesperanzas.com\/web\/wp-content\/uploads\/2026\/08\/gabiassi-533x261.jpg 533w\" sizes=\"auto, (max-width: 324px) 100vw, 324px\"  alt=\"\" title=\"ADMINISTRADOR DEL PRODEGO, ING. GUSTAVO GABIASSI, ANALIZ\u00d3 LA MARCHA DE LOS TRABAJOS PREVENTIVOS\" \/><\/a><\/div>                            <\/div>\r\n            <h3 class=\"entry-title td-module-title\"><a href=\"https:\/\/revistaesperanzas.com\/web\/2026\/08\/administrador-del-prodego-ing-gustavo-gabiassi-analizo-la-marcha-de-los-trabajos-preventivos\/\"  rel=\"bookmark\" title=\"ADMINISTRADOR DEL PRODEGO, ING. GUSTAVO GABIASSI, ANALIZ\u00d3 LA MARCHA DE LOS TRABAJOS PREVENTIVOS\">ADMINISTRADOR DEL PRODEGO, ING. GUSTAVO GABIASSI, ANALIZ\u00d3 LA MARCHA...<\/a><\/h3>\r\n\r\n            <div class=\"td-module-meta-info\">\r\n                                <span class=\"td-post-date\"><time class=\"entry-date updated td-module-date\" datetime=\"2026-08-28T18:20:41-03:00\" >28 agosto, 2026<\/time><\/span>                <span class=\"td-module-comments\"><a href=\"https:\/\/revistaesperanzas.com\/web\/2026\/08\/administrador-del-prodego-ing-gustavo-gabiassi-analizo-la-marcha-de-los-trabajos-preventivos\/#respond\">0<\/a><\/span>            <\/div>\r\n\r\n\r\n            <div class=\"td-excerpt\">\r\n                En el marco del Plan que la ciudad de Goya y el Comit\u00e9 COE conformado preparan para hacer frente a las posibles consecuencias del fen\u00f3meno de El Ni\u00f1o, este...            <\/div>\r\n\r\n            \r\n        <\/div>\r\n\r\n        \n\t<\/div> <!-- .\/td-block-span6 --><\/div><!--.\/row-fluid-->\n\n\t<div class=\"td-block-row\">\n\n\t<div class=\"td-block-span6\">\n\r\n        <div class=\"td_module_2 td_module_wrap td-animation-stack\">\r\n            <div class=\"td-module-image\">\r\n                <div class=\"td-module-thumb\"><a href=\"https:\/\/revistaesperanzas.com\/web\/2026\/08\/el-trabajo-de-un-concejal-no-es-solo-ir-a-sesionar-lo-mensiona-la-edil-gabriela-refojos\/\"  rel=\"bookmark\" class=\"td-image-wrap \" title=\"&#8220;EL TRABAJO DE UN CONCEJAL NO ES SOLO IR A SESIONAR&#8221; LO MENSIONA LA EDIL GABRIELA REFOJOS\" ><img loading=\"lazy\" decoding=\"async\" width=\"324\" height=\"160\" class=\"entry-thumb\" src=\"https:\/\/revistaesperanzas.com\/web\/wp-content\/uploads\/2026\/08\/Concejal-Gabriela-Refojos-28-8-26-324x160.jpg\"  srcset=\"https:\/\/revistaesperanzas.com\/web\/wp-content\/uploads\/2026\/08\/Concejal-Gabriela-Refojos-28-8-26-324x160.jpg 324w, https:\/\/revistaesperanzas.com\/web\/wp-content\/uploads\/2026\/08\/Concejal-Gabriela-Refojos-28-8-26-533x261.jpg 533w\" sizes=\"auto, (max-width: 324px) 100vw, 324px\"  alt=\"\" title=\"&#8220;EL TRABAJO DE UN CONCEJAL NO ES SOLO IR A SESIONAR&#8221; LO MENSIONA LA EDIL GABRIELA REFOJOS\" \/><\/a><\/div>                            <\/div>\r\n            <h3 class=\"entry-title td-module-title\"><a href=\"https:\/\/revistaesperanzas.com\/web\/2026\/08\/el-trabajo-de-un-concejal-no-es-solo-ir-a-sesionar-lo-mensiona-la-edil-gabriela-refojos\/\"  rel=\"bookmark\" title=\"&#8220;EL TRABAJO DE UN CONCEJAL NO ES SOLO IR A SESIONAR&#8221; LO MENSIONA LA EDIL GABRIELA REFOJOS\">&#8220;EL TRABAJO DE UN CONCEJAL NO ES SOLO IR...<\/a><\/h3>\r\n\r\n            <div class=\"td-module-meta-info\">\r\n                                <span class=\"td-post-date\"><time class=\"entry-date updated td-module-date\" datetime=\"2026-08-28T18:16:12-03:00\" >28 agosto, 2026<\/time><\/span>                <span class=\"td-module-comments\"><a href=\"https:\/\/revistaesperanzas.com\/web\/2026\/08\/el-trabajo-de-un-concejal-no-es-solo-ir-a-sesionar-lo-mensiona-la-edil-gabriela-refojos\/#respond\">0<\/a><\/span>            <\/div>\r\n\r\n\r\n            <div class=\"td-excerpt\">\r\n                \u201cEs tambi\u00e9n estar trabajando en proyectos, es escuchar a la gente, es gestionar\u201d, afirm\u00f3 la edil del bloque del PRO. En el programa \u201cLa voz del Concejo Deliberante\u201d, la...            <\/div>\r\n\r\n            \r\n        <\/div>\r\n\r\n        \n\t<\/div> <!-- .\/td-block-span6 -->\n\n\t<div class=\"td-block-span6\">\n\r\n        <div class=\"td_module_2 td_module_wrap td-animation-stack\">\r\n            <div class=\"td-module-image\">\r\n                <div class=\"td-module-thumb\"><a href=\"https:\/\/revistaesperanzas.com\/web\/2026\/08\/resumen-de-noticias-policiales-de-corrientes-102\/\"  rel=\"bookmark\" class=\"td-image-wrap \" title=\"RESUMEN DE NOTICIAS POLICIALES DE CORRIENTES\" ><img loading=\"lazy\" decoding=\"async\" width=\"324\" height=\"160\" class=\"entry-thumb\" src=\"https:\/\/revistaesperanzas.com\/web\/wp-content\/uploads\/2026\/03\/RESUMEN-324x160.jpg\"  srcset=\"https:\/\/revistaesperanzas.com\/web\/wp-content\/uploads\/2026\/03\/RESUMEN-324x160.jpg 324w, https:\/\/revistaesperanzas.com\/web\/wp-content\/uploads\/2026\/03\/RESUMEN-533x261.jpg 533w\" sizes=\"auto, (max-width: 324px) 100vw, 324px\"  alt=\"\" title=\"RESUMEN DE NOTICIAS POLICIALES DE CORRIENTES\" \/><\/a><\/div>                            <\/div>\r\n            <h3 class=\"entry-title td-module-title\"><a href=\"https:\/\/revistaesperanzas.com\/web\/2026\/08\/resumen-de-noticias-policiales-de-corrientes-102\/\"  rel=\"bookmark\" title=\"RESUMEN DE NOTICIAS POLICIALES DE CORRIENTES\">RESUMEN DE NOTICIAS POLICIALES DE CORRIENTES<\/a><\/h3>\r\n\r\n            <div class=\"td-module-meta-info\">\r\n                                <span class=\"td-post-date\"><time class=\"entry-date updated td-module-date\" datetime=\"2026-08-28T18:11:25-03:00\" >28 agosto, 2026<\/time><\/span>                <span class=\"td-module-comments\"><a href=\"https:\/\/revistaesperanzas.com\/web\/2026\/08\/resumen-de-noticias-policiales-de-corrientes-102\/#respond\">0<\/a><\/span>            <\/div>\r\n\r\n\r\n            <div class=\"td-excerpt\">\r\n                https:\/\/youtu.be\/sqQVwIwGwTI            <\/div>\r\n\r\n            \r\n        <\/div>\r\n\r\n        \n\t<\/div> <!-- .\/td-block-span6 --><\/div><!--.\/row-fluid-->\n\n\t<div class=\"td-block-row\">\n\n\t<div class=\"td-block-span6\">\n\r\n        <div class=\"td_module_2 td_module_wrap td-animation-stack\">\r\n            <div class=\"td-module-image\">\r\n                <div class=\"td-module-thumb\"><a href=\"https:\/\/revistaesperanzas.com\/web\/2026\/08\/barrio-colombia-granaderos-tras-un-allanamiento-secuestran-ocho-telefonos-celulares-de-dudosa-procedencia\/\"  rel=\"bookmark\" class=\"td-image-wrap \" title=\"BARRIO COLOMBIA GRANADEROS: TRAS UN ALLANAMIENTO SECUESTRAN OCHO TEL\u00c9FONOS CELULARES DE DUDOSA PROCEDENCIA\" ><img loading=\"lazy\" decoding=\"async\" width=\"324\" height=\"160\" class=\"entry-thumb\" src=\"https:\/\/revistaesperanzas.com\/web\/wp-content\/uploads\/2026\/08\/WhatsApp-Image-2026-08-28-at-12.44.06-324x160.jpeg\"   alt=\"\" title=\"BARRIO COLOMBIA GRANADEROS: TRAS UN ALLANAMIENTO SECUESTRAN OCHO TEL\u00c9FONOS CELULARES DE DUDOSA PROCEDENCIA\" \/><\/a><\/div>                            <\/div>\r\n            <h3 class=\"entry-title td-module-title\"><a href=\"https:\/\/revistaesperanzas.com\/web\/2026\/08\/barrio-colombia-granaderos-tras-un-allanamiento-secuestran-ocho-telefonos-celulares-de-dudosa-procedencia\/\"  rel=\"bookmark\" title=\"BARRIO COLOMBIA GRANADEROS: TRAS UN ALLANAMIENTO SECUESTRAN OCHO TEL\u00c9FONOS CELULARES DE DUDOSA PROCEDENCIA\">BARRIO COLOMBIA GRANADEROS: TRAS UN ALLANAMIENTO SECUESTRAN OCHO TEL\u00c9FONOS...<\/a><\/h3>\r\n\r\n            <div class=\"td-module-meta-info\">\r\n                                <span class=\"td-post-date\"><time class=\"entry-date updated td-module-date\" datetime=\"2026-08-28T18:08:48-03:00\" >28 agosto, 2026<\/time><\/span>                <span class=\"td-module-comments\"><a href=\"https:\/\/revistaesperanzas.com\/web\/2026\/08\/barrio-colombia-granaderos-tras-un-allanamiento-secuestran-ocho-telefonos-celulares-de-dudosa-procedencia\/#respond\">0<\/a><\/span>            <\/div>\r\n\r\n\r\n            <div class=\"td-excerpt\">\r\n                En la ma\u00f1ana de hoy 28-08-26, personal dependiente de la Comisaria 19\u00ba Urbana junto a sus pares de la Divisi\u00f3n Infanter\u00eda en el marco de un legajo judicial que...            <\/div>\r\n\r\n            \r\n        <\/div>\r\n\r\n        \n\t<\/div> <!-- .\/td-block-span6 -->\n\n\t<div class=\"td-block-span6\">\n\r\n        <div class=\"td_module_2 td_module_wrap td-animation-stack\">\r\n            <div class=\"td-module-image\">\r\n                <div class=\"td-module-thumb\"><a href=\"https:\/\/revistaesperanzas.com\/web\/2026\/08\/eficaz-accionar-detienen-a-una-persona-y-secuestran-ladrillos-de-construccion-que-fueran-robados\/\"  rel=\"bookmark\" class=\"td-image-wrap \" title=\"EFICAZ ACCIONAR: DETIENEN A UNA PERSONA Y SECUESTRAN LADRILLOS DE CONSTRUCCI\u00d3N QUE FUERAN ROBADOS\" ><img loading=\"lazy\" decoding=\"async\" width=\"324\" height=\"160\" class=\"entry-thumb\" src=\"https:\/\/revistaesperanzas.com\/web\/wp-content\/uploads\/2026\/08\/WhatsApp-Image-2026-08-28-at-12.44.05-324x160.jpeg\"   alt=\"\" title=\"EFICAZ ACCIONAR: DETIENEN A UNA PERSONA Y SECUESTRAN LADRILLOS DE CONSTRUCCI\u00d3N QUE FUERAN ROBADOS\" \/><\/a><\/div>                            <\/div>\r\n            <h3 class=\"entry-title td-module-title\"><a href=\"https:\/\/revistaesperanzas.com\/web\/2026\/08\/eficaz-accionar-detienen-a-una-persona-y-secuestran-ladrillos-de-construccion-que-fueran-robados\/\"  rel=\"bookmark\" title=\"EFICAZ ACCIONAR: DETIENEN A UNA PERSONA Y SECUESTRAN LADRILLOS DE CONSTRUCCI\u00d3N QUE FUERAN ROBADOS\">EFICAZ ACCIONAR: DETIENEN A UNA PERSONA Y SECUESTRAN LADRILLOS...<\/a><\/h3>\r\n\r\n            <div class=\"td-module-meta-info\">\r\n                                <span class=\"td-post-date\"><time class=\"entry-date updated td-module-date\" datetime=\"2026-08-28T18:06:31-03:00\" >28 agosto, 2026<\/time><\/span>                <span class=\"td-module-comments\"><a href=\"https:\/\/revistaesperanzas.com\/web\/2026\/08\/eficaz-accionar-detienen-a-una-persona-y-secuestran-ladrillos-de-construccion-que-fueran-robados\/#respond\">0<\/a><\/span>            <\/div>\r\n\r\n\r\n            <div class=\"td-excerpt\">\r\n                En la jornada de ayer 27-08-26, efectivos policiales de la Comisaria D\u00e9cimo S\u00e9ptima Urbana en el marco de un legajo judicial que se investiga con la intervenci\u00f3n de la...            <\/div>\r\n\r\n            \r\n        <\/div>\r\n\r\n        \n\t<\/div> <!-- .\/td-block-span6 --><\/div><!--.\/row-fluid--><\/div><div class=\"td-next-prev-wrap\"><a href=\"#\" class=\"td-ajax-prev-page ajax-page-disabled\" aria-label=\"prev-page\" id=\"prev-page-tdi_21\" data-td_block_id=\"tdi_21\"><i class=\"td-next-prev-icon td-icon-font td-icon-menu-left\"><\/i><\/a><a href=\"#\"  class=\"td-ajax-next-page\" aria-label=\"next-page\" id=\"next-page-tdi_21\" data-td_block_id=\"tdi_21\"><i class=\"td-next-prev-icon td-icon-font td-icon-menu-right\"><\/i><\/a><\/div><\/div> <!-- .\/block --><\/div><\/div><\/div><div class=\"vc_column_inner tdi_23  wpb_column vc_column_container tdc-inner-column td-pb-span4\">\n<style scoped>\n\/* custom css - generated by TagDiv Composer *\/\n\n\/* custom css - generated by TagDiv Composer *\/\n.tdi_23{\r\n                    vertical-align: baseline;\r\n                }.tdi_23 .vc_column-inner > .wpb_wrapper,\r\n\t\t\t\t.tdi_23 .vc_column-inner > .wpb_wrapper .tdc-elements{\r\n\t\t\t\t    display: block;\r\n\t\t\t\t}.tdi_23 .vc_column-inner > .wpb_wrapper .tdc-elements{\r\n\t\t\t\t    width: 100%;\r\n\t\t\t\t}\n<\/style><div class=\"vc_column-inner\"><div class=\"wpb_wrapper\" ><div class=\"td-block td-a-rec td-a-rec-id-custom-spot tdi_24 td_block_template_3\">\n<style>\n\/* custom css - generated by TagDiv Composer *\/\n.tdi_24.td-a-rec{\r\n\t\t\t\t\ttext-align: center;\r\n\t\t\t\t}.tdi_24.td-a-rec:not(.td-a-rec-no-translate){\r\n\t\t\t\t    transform: translateZ(0);\r\n\t\t\t\t}.tdi_24 .td-element-style{\r\n\t\t\t\t\tz-index: -1;\r\n\t\t\t\t}.tdi_24 .td_spot_img_all img,\r\n\t\t\t\t.tdi_24 .td_spot_img_tl img,\r\n\t\t\t\t.tdi_24 .td_spot_img_tp img,\r\n\t\t\t\t.tdi_24 .td_spot_img_mob img{\r\n\t\t\t\t    border-style: none;\r\n\t\t\t\t}\n<\/style><div id='arp-container-6a96e28466bfa' class='arp-container' data-rotation-speed='5000' style='width: auto; height: auto;'><div class='arp-slide'><img src='https:\/\/revistaesperanzas.com\/web\/wp-content\/uploads\/2026\/05\/ESCUCHALO-3.jpg' alt='LAURIA'><\/div><div class='arp-slide'><img src='https:\/\/revistaesperanzas.com\/web\/wp-content\/uploads\/2026\/05\/RADIO-REVISTA-GOYA.jpg' alt='LAURIA'><\/div><div class='arp-slide'><img src='https:\/\/revistaesperanzas.com\/web\/wp-content\/uploads\/2026\/05\/1-2.jpg' alt='A LAURIA'><\/div><\/div><\/div><div class=\"td-block td-a-rec td-a-rec-id-custom-spot tdi_25 td_block_template_3\">\n<style>\n\/* custom css - generated by TagDiv Composer *\/\n.tdi_25.td-a-rec{\r\n\t\t\t\t\ttext-align: center;\r\n\t\t\t\t}.tdi_25.td-a-rec:not(.td-a-rec-no-translate){\r\n\t\t\t\t    transform: translateZ(0);\r\n\t\t\t\t}.tdi_25 .td-element-style{\r\n\t\t\t\t\tz-index: -1;\r\n\t\t\t\t}.tdi_25 .td_spot_img_all img,\r\n\t\t\t\t.tdi_25 .td_spot_img_tl img,\r\n\t\t\t\t.tdi_25 .td_spot_img_tp img,\r\n\t\t\t\t.tdi_25 .td_spot_img_mob img{\r\n\t\t\t\t    border-style: none;\r\n\t\t\t\t}\n<\/style><div id='arp-container-6a96e28467ade' class='arp-container' data-rotation-speed='5000' style='width: auto; height: auto;'><div class='arp-slide'><img src='https:\/\/revistaesperanzas.com\/web\/wp-content\/uploads\/2026\/08\/WhatsApp-Image-2026-08-14-at-16.52.15.jpeg' alt='LA TUERCA'><\/div><div class='arp-slide'><img src='https:\/\/revistaesperanzas.com\/web\/wp-content\/uploads\/2026\/08\/WhatsApp-Image-2026-08-27-at-11.53.16.jpeg' alt='LA TUERCA'><\/div><div class='arp-slide'><img src='https:\/\/revistaesperanzas.com\/web\/wp-content\/uploads\/2026\/08\/WhatsApp-Image-2026-08-12-at-08.51.47.jpeg' alt='LA TUERCA'><\/div><div class='arp-slide'><img src='https:\/\/revistaesperanzas.com\/web\/wp-content\/uploads\/2026\/08\/WhatsApp-Image-2026-08-12-at-08.51.46.jpeg' alt='LA TUERCA'><\/div><div class='arp-slide'><img src='https:\/\/revistaesperanzas.com\/web\/wp-content\/uploads\/2026\/07\/WhatsApp-Image-2026-08-12-at-08.51.46-1.jpeg' alt='CALZADOS DE TRABAJO'><\/div><div class='arp-slide'><img src='https:\/\/revistaesperanzas.com\/web\/wp-content\/uploads\/2026\/07\/WhatsApp-Image-2026-07-24-at-10.45.09.jpeg' alt='MASCARA DE SOLDAR'><\/div><div class='arp-slide'><img src='https:\/\/revistaesperanzas.com\/web\/wp-content\/uploads\/2026\/07\/WhatsApp-Image-2026-08-12-at-09.49.44.jpeg' alt='HIDRO LAVADORA A EXPLOCIOM'><\/div><div class='arp-slide'><img src='https:\/\/revistaesperanzas.com\/web\/wp-content\/uploads\/2026\/05\/WhatsApp-Image-2026-08-12-at-09.49.43.jpeg' alt='LT DOBLADORA DE CA\u00d1OS'><\/div><div class='arp-slide'><img src='https:\/\/revistaesperanzas.com\/web\/wp-content\/uploads\/2026\/05\/WhatsApp-Image-2026-07-23-at-12.40.39.jpeg' alt='LT PRENSA HIDRA'><\/div><div class='arp-slide'><img src='https:\/\/revistaesperanzas.com\/web\/wp-content\/uploads\/2026\/05\/WhatsApp-Image-2026-07-23-at-12.40.40.jpeg' alt='LT ZORRA HIDRA'><\/div><\/div><\/div><div class=\"td-block td-a-rec td-a-rec-id-custom-spot tdi_26 td_block_template_3\">\n<style>\n\/* custom css - generated by TagDiv Composer *\/\n.tdi_26.td-a-rec{\r\n\t\t\t\t\ttext-align: center;\r\n\t\t\t\t}.tdi_26.td-a-rec:not(.td-a-rec-no-translate){\r\n\t\t\t\t    transform: translateZ(0);\r\n\t\t\t\t}.tdi_26 .td-element-style{\r\n\t\t\t\t\tz-index: -1;\r\n\t\t\t\t}.tdi_26 .td_spot_img_all img,\r\n\t\t\t\t.tdi_26 .td_spot_img_tl img,\r\n\t\t\t\t.tdi_26 .td_spot_img_tp img,\r\n\t\t\t\t.tdi_26 .td_spot_img_mob img{\r\n\t\t\t\t    border-style: none;\r\n\t\t\t\t}\n<\/style><div id='arp-container-6a96e28469ffa' class='arp-container' data-rotation-speed='5000' style='width: auto; height: auto;'><div class='arp-slide'><img src='https:\/\/revistaesperanzas.com\/web\/wp-content\/uploads\/2026\/08\/banners-FyF-3.jpg' alt='REPARACIONES FYF'><\/div><div class='arp-slide'><img src='https:\/\/revistaesperanzas.com\/web\/wp-content\/uploads\/2026\/05\/FYF-BANNERS.jpg' alt='CELULARES'><\/div><div class='arp-slide'><img src='https:\/\/revistaesperanzas.com\/web\/wp-content\/uploads\/2026\/05\/BANNERS-FYF.jpg' alt='CELULARES'><\/div><div class='arp-slide'><img src='https:\/\/revistaesperanzas.com\/web\/wp-content\/uploads\/2026\/05\/banners-de-goya.jpg' alt='MUNICIPALIDAD DE GOYA'><\/div><\/div><\/div><div class=\"td-block td-a-rec td-a-rec-id-custom-spot tdi_27 td_block_template_3\">\n<style>\n\/* custom css - generated by TagDiv Composer *\/\n.tdi_27.td-a-rec{\r\n\t\t\t\t\ttext-align: center;\r\n\t\t\t\t}.tdi_27.td-a-rec:not(.td-a-rec-no-translate){\r\n\t\t\t\t    transform: translateZ(0);\r\n\t\t\t\t}.tdi_27 .td-element-style{\r\n\t\t\t\t\tz-index: -1;\r\n\t\t\t\t}.tdi_27 .td_spot_img_all img,\r\n\t\t\t\t.tdi_27 .td_spot_img_tl img,\r\n\t\t\t\t.tdi_27 .td_spot_img_tp img,\r\n\t\t\t\t.tdi_27 .td_spot_img_mob img{\r\n\t\t\t\t    border-style: none;\r\n\t\t\t\t}\n<\/style><div id='arp-container-6a96e2846adb1' class='arp-container' data-rotation-speed='5000' style='width: auto; height: auto;'><div class='arp-slide'><img src='https:\/\/revistaesperanzas.com\/web\/wp-content\/uploads\/2026\/05\/TODO-PC-4-1.jpg' alt='TODO PC'><\/div><div class='arp-slide'><img src='https:\/\/revistaesperanzas.com\/web\/wp-content\/uploads\/2026\/05\/TODO-PC-2-2.jpg' alt='TODO PC'><\/div><div class='arp-slide'><img src='https:\/\/revistaesperanzas.com\/web\/wp-content\/uploads\/2026\/05\/TODO-PC-3.jpg' alt='TODO PC'><\/div><\/div><\/div><div class=\"td-block td-a-rec td-a-rec-id-custom-spot tdi_28 td_block_template_3\">\n<style>\n\/* custom css - generated by TagDiv Composer *\/\n.tdi_28.td-a-rec{\r\n\t\t\t\t\ttext-align: center;\r\n\t\t\t\t}.tdi_28.td-a-rec:not(.td-a-rec-no-translate){\r\n\t\t\t\t    transform: translateZ(0);\r\n\t\t\t\t}.tdi_28 .td-element-style{\r\n\t\t\t\t\tz-index: -1;\r\n\t\t\t\t}.tdi_28 .td_spot_img_all img,\r\n\t\t\t\t.tdi_28 .td_spot_img_tl img,\r\n\t\t\t\t.tdi_28 .td_spot_img_tp img,\r\n\t\t\t\t.tdi_28 .td_spot_img_mob img{\r\n\t\t\t\t    border-style: none;\r\n\t\t\t\t}\n<\/style><div id='arp-container-6a96e2846b810' class='arp-container' data-rotation-speed='5000' style='width: auto; height: auto;'><div class='arp-slide'><img src='https:\/\/revistaesperanzas.com\/web\/wp-content\/uploads\/2026\/08\/WhatsApp-Image-2026-08-27-at-11.53.17.jpeg' alt='LA TUERCA'><\/div><div class='arp-slide'><img src='https:\/\/revistaesperanzas.com\/web\/wp-content\/uploads\/2026\/07\/WhatsApp-Image-2026-08-12-at-08.51.46.jpeg' alt='LA TUERCA'><\/div><div class='arp-slide'><img src='https:\/\/revistaesperanzas.com\/web\/wp-content\/uploads\/2026\/06\/WhatsApp-Image-2026-08-12-at-08.51.47.jpeg' alt='LA TUERCA silicona'><\/div><div class='arp-slide'><img src='https:\/\/revistaesperanzas.com\/web\/wp-content\/uploads\/2026\/05\/WhatsApp-Image-2026-08-04-at-10.41.20.jpeg' alt='LA TUERCA'><\/div><div class='arp-slide'><img src='https:\/\/revistaesperanzas.com\/web\/wp-content\/uploads\/2026\/05\/WhatsApp-Image-2026-06-15-at-08.34.18.jpeg' alt='LA TUERCA'><\/div><div class='arp-slide'><img src='https:\/\/revistaesperanzas.com\/web\/wp-content\/uploads\/2026\/05\/la-tuerca-1.jpg' alt='LA TUERCA'><\/div><\/div><\/div><div class=\"td-block td-a-rec td-a-rec-id-custom-spot tdi_29 td_block_template_3\">\n<style>\n\/* custom css - generated by TagDiv Composer *\/\n.tdi_29.td-a-rec{\r\n\t\t\t\t\ttext-align: center;\r\n\t\t\t\t}.tdi_29.td-a-rec:not(.td-a-rec-no-translate){\r\n\t\t\t\t    transform: translateZ(0);\r\n\t\t\t\t}.tdi_29 .td-element-style{\r\n\t\t\t\t\tz-index: -1;\r\n\t\t\t\t}.tdi_29 .td_spot_img_all img,\r\n\t\t\t\t.tdi_29 .td_spot_img_tl img,\r\n\t\t\t\t.tdi_29 .td_spot_img_tp img,\r\n\t\t\t\t.tdi_29 .td_spot_img_mob img{\r\n\t\t\t\t    border-style: none;\r\n\t\t\t\t}\n<\/style><div id='arp-container-6a96e2846e741' class='arp-container' data-rotation-speed='5000' style='width: auto; height: auto;'><div class='arp-slide'><img src='https:\/\/revistaesperanzas.com\/web\/wp-content\/uploads\/2026\/05\/JUBIPEN-2-1.jpeg' alt='Tanti Gusto'><\/div><div class='arp-slide'><img src='https:\/\/revistaesperanzas.com\/web\/wp-content\/uploads\/2026\/05\/TANTI-GUSTI-3.jpeg' alt='Tanti Gusto'><\/div><div class='arp-slide'><img src='https:\/\/revistaesperanzas.com\/web\/wp-content\/uploads\/2026\/05\/TANTI-GUSTI.jpg' alt='Tanti Gusto'><\/div><\/div><\/div><div class=\"td-block td-a-rec td-a-rec-id-custom-spot tdi_30 td_block_template_3\">\n<style>\n\/* custom css - generated by TagDiv Composer *\/\n.tdi_30.td-a-rec{\r\n\t\t\t\t\ttext-align: center;\r\n\t\t\t\t}.tdi_30.td-a-rec:not(.td-a-rec-no-translate){\r\n\t\t\t\t    transform: translateZ(0);\r\n\t\t\t\t}.tdi_30 .td-element-style{\r\n\t\t\t\t\tz-index: -1;\r\n\t\t\t\t}.tdi_30 .td_spot_img_all img,\r\n\t\t\t\t.tdi_30 .td_spot_img_tl img,\r\n\t\t\t\t.tdi_30 .td_spot_img_tp img,\r\n\t\t\t\t.tdi_30 .td_spot_img_mob img{\r\n\t\t\t\t    border-style: none;\r\n\t\t\t\t}\n<\/style><div id='arp-container-6a96e28470694' class='arp-container' data-rotation-speed='5000' style='width: auto; height: auto;'><div class='arp-slide'><img src='https:\/\/revistaesperanzas.com\/web\/wp-content\/uploads\/2026\/05\/banner-zonal_especial-hogar_revistaesperanza_615x360.jpg' alt='LA ANONIMA'><\/div><div class='arp-slide'><img src='https:\/\/revistaesperanzas.com\/web\/wp-content\/uploads\/2026\/05\/20260901_20260930_banner-zonal_canasta-septiembre_revistaesperanza_615x360.jpg' alt='LA ANONIMA'><\/div><div class='arp-slide'><img src='https:\/\/revistaesperanzas.com\/web\/wp-content\/uploads\/2026\/05\/Sin-titulo-16.png' alt='LA ANONIMA'><\/div><\/div><\/div><div class=\"td-block td-a-rec td-a-rec-id-custom-spot tdi_31 td_block_template_3\">\n<style>\n\/* custom css - generated by TagDiv Composer *\/\n.tdi_31.td-a-rec{\r\n\t\t\t\t\ttext-align: center;\r\n\t\t\t\t}.tdi_31.td-a-rec:not(.td-a-rec-no-translate){\r\n\t\t\t\t    transform: translateZ(0);\r\n\t\t\t\t}.tdi_31 .td-element-style{\r\n\t\t\t\t\tz-index: -1;\r\n\t\t\t\t}.tdi_31 .td_spot_img_all img,\r\n\t\t\t\t.tdi_31 .td_spot_img_tl img,\r\n\t\t\t\t.tdi_31 .td_spot_img_tp img,\r\n\t\t\t\t.tdi_31 .td_spot_img_mob img{\r\n\t\t\t\t    border-style: none;\r\n\t\t\t\t}\n<\/style><div id='arp-container-6a96e28472354' class='arp-container' data-rotation-speed='5000' style='width: auto; height: auto;'><div class='arp-slide'><img src='https:\/\/revistaesperanzas.com\/web\/wp-content\/uploads\/2026\/07\/WhatsApp-Image-2026-08-12-at-09.49.43.jpeg' alt='LA TUERCA'><\/div><div class='arp-slide'><img src='https:\/\/revistaesperanzas.com\/web\/wp-content\/uploads\/2026\/07\/WhatsApp-Image-2026-08-12-at-09.49.45.jpeg' alt='LA TUERCA'><\/div><div class='arp-slide'><img src='https:\/\/revistaesperanzas.com\/web\/wp-content\/uploads\/2026\/05\/CREDITO-2000.png' alt='LA TUERCA'><\/div><div class='arp-slide'><img src='https:\/\/revistaesperanzas.com\/web\/wp-content\/uploads\/2026\/05\/WhatsApp-Image-2026-08-14-at-16.52.14.jpeg' alt='LA TUERCA'><\/div><div class='arp-slide'><img src='https:\/\/revistaesperanzas.com\/web\/wp-content\/uploads\/2026\/05\/WhatsApp-Image-2026-07-01-at-10.25.13.jpeg' alt='LA TUERCA'><\/div><\/div><\/div><div class=\"td-block td-a-rec td-a-rec-id-custom-spot tdi_32 td_block_template_3\">\n<style>\n\/* custom css - generated by TagDiv Composer *\/\n.tdi_32.td-a-rec{\r\n\t\t\t\t\ttext-align: center;\r\n\t\t\t\t}.tdi_32.td-a-rec:not(.td-a-rec-no-translate){\r\n\t\t\t\t    transform: translateZ(0);\r\n\t\t\t\t}.tdi_32 .td-element-style{\r\n\t\t\t\t\tz-index: -1;\r\n\t\t\t\t}.tdi_32 .td_spot_img_all img,\r\n\t\t\t\t.tdi_32 .td_spot_img_tl img,\r\n\t\t\t\t.tdi_32 .td_spot_img_tp img,\r\n\t\t\t\t.tdi_32 .td_spot_img_mob img{\r\n\t\t\t\t    border-style: none;\r\n\t\t\t\t}\n<\/style><div id='arp-container-6a96e2847458c' class='arp-container' data-rotation-speed='5000' style='width: auto; height: auto;'><div class='arp-slide'><img src='https:\/\/revistaesperanzas.com\/web\/wp-content\/uploads\/2026\/05\/WhatsApp-Image-2026-05-08-at-13.18.51.jpeg' alt='MONIQUE'><\/div><div class='arp-slide'><img src='https:\/\/revistaesperanzas.com\/web\/wp-content\/uploads\/2026\/05\/WhatsApp-Image-2026-05-08-at-13.17.46.jpeg' alt='MONIQUE'><\/div><div class='arp-slide'><img src='https:\/\/revistaesperanzas.com\/web\/wp-content\/uploads\/2026\/05\/WhatsApp-Image-2026-07-06-at-20.09.37.jpeg' alt='MONIQUE ARNOLD'><\/div><\/div><\/div><div class=\"td-block td-a-rec td-a-rec-id-custom-spot tdi_33 td_block_template_3\">\n<style>\n\/* custom css - generated by TagDiv Composer *\/\n.tdi_33.td-a-rec{\r\n\t\t\t\t\ttext-align: center;\r\n\t\t\t\t}.tdi_33.td-a-rec:not(.td-a-rec-no-translate){\r\n\t\t\t\t    transform: translateZ(0);\r\n\t\t\t\t}.tdi_33 .td-element-style{\r\n\t\t\t\t\tz-index: -1;\r\n\t\t\t\t}.tdi_33 .td_spot_img_all img,\r\n\t\t\t\t.tdi_33 .td_spot_img_tl img,\r\n\t\t\t\t.tdi_33 .td_spot_img_tp img,\r\n\t\t\t\t.tdi_33 .td_spot_img_mob img{\r\n\t\t\t\t    border-style: none;\r\n\t\t\t\t}\n<\/style><div id='arp-container-6a96e28476454' class='arp-container' data-rotation-speed='5000' style='width: auto; height: auto;'><div class='arp-slide'><img src='https:\/\/revistaesperanzas.com\/web\/wp-content\/uploads\/2026\/05\/original.jpg' alt='kapi pora'><\/div><\/div><\/div><div class=\"td-block td-a-rec td-a-rec-id-custom-spot tdi_34 td_block_template_3\">\n<style>\n\/* custom css - generated by TagDiv Composer *\/\n.tdi_34.td-a-rec{\r\n\t\t\t\t\ttext-align: center;\r\n\t\t\t\t}.tdi_34.td-a-rec:not(.td-a-rec-no-translate){\r\n\t\t\t\t    transform: translateZ(0);\r\n\t\t\t\t}.tdi_34 .td-element-style{\r\n\t\t\t\t\tz-index: -1;\r\n\t\t\t\t}.tdi_34 .td_spot_img_all img,\r\n\t\t\t\t.tdi_34 .td_spot_img_tl img,\r\n\t\t\t\t.tdi_34 .td_spot_img_tp img,\r\n\t\t\t\t.tdi_34 .td_spot_img_mob img{\r\n\t\t\t\t    border-style: none;\r\n\t\t\t\t}\n<\/style><div id='arp-container-6a96e2847766e' class='arp-container' data-rotation-speed='5000' style='width: auto; height: auto;'><div class='arp-slide'><img src='https:\/\/revistaesperanzas.com\/web\/wp-content\/uploads\/2026\/08\/DIEGO-PACIOS.jpg' alt='DIEGO PACIOS'><\/div><div class='arp-slide'><img src='https:\/\/revistaesperanzas.com\/web\/wp-content\/uploads\/2026\/05\/pn.png' alt='EL PUEBLO NOTICIAS'><\/div><div class='arp-slide'><img src='https:\/\/revistaesperanzas.com\/web\/wp-content\/uploads\/2026\/05\/ESTUDIO-JURIDICO.jpg' alt='ESTUDIO JURIDICO'><\/div><\/div><\/div><div class=\"td-block td-a-rec td-a-rec-id-custom-spot tdi_35 td_block_template_3\">\n<style>\n\/* custom css - generated by TagDiv Composer *\/\n.tdi_35.td-a-rec{\r\n\t\t\t\t\ttext-align: center;\r\n\t\t\t\t}.tdi_35.td-a-rec:not(.td-a-rec-no-translate){\r\n\t\t\t\t    transform: translateZ(0);\r\n\t\t\t\t}.tdi_35 .td-element-style{\r\n\t\t\t\t\tz-index: -1;\r\n\t\t\t\t}.tdi_35 .td_spot_img_all img,\r\n\t\t\t\t.tdi_35 .td_spot_img_tl img,\r\n\t\t\t\t.tdi_35 .td_spot_img_tp img,\r\n\t\t\t\t.tdi_35 .td_spot_img_mob img{\r\n\t\t\t\t    border-style: none;\r\n\t\t\t\t}\n<\/style><div id='arp-container-6a96e28478cc6' class='arp-container' data-rotation-speed='5000' style='width: auto; height: auto;'><div class='arp-slide'><img src='https:\/\/revistaesperanzas.com\/web\/wp-content\/uploads\/2026\/05\/WhatsApp-Image-2026-07-21-at-12.35.33.jpeg' alt='LA TUERCA'><\/div><div class='arp-slide'><img src='https:\/\/revistaesperanzas.com\/web\/wp-content\/uploads\/2026\/05\/WhatsApp-Image-2026-08-24-at-15.58.43.jpeg' alt='LA TUERCA'><\/div><div class='arp-slide'><img src='https:\/\/revistaesperanzas.com\/web\/wp-content\/uploads\/2026\/05\/LA-TUERCA-PARA-PAPA.jpg' alt='LA TUERCA'><\/div><div class='arp-slide'><img src='https:\/\/revistaesperanzas.com\/web\/wp-content\/uploads\/2026\/05\/WhatsApp-Image-2026-05-13-at-16.28.44-1.jpeg' alt='LA TUERCA'><\/div><div class='arp-slide'><img src='https:\/\/revistaesperanzas.com\/web\/wp-content\/uploads\/2026\/05\/WhatsApp-Image-2026-08-14-at-16.52.15.jpeg' alt='LA TUERCA'><\/div><\/div><\/div><div class=\"td-block td-a-rec td-a-rec-id-custom-spot tdi_36 td_block_template_3\">\n<style>\n\/* custom css - generated by TagDiv Composer *\/\n.tdi_36.td-a-rec{\r\n\t\t\t\t\ttext-align: center;\r\n\t\t\t\t}.tdi_36.td-a-rec:not(.td-a-rec-no-translate){\r\n\t\t\t\t    transform: translateZ(0);\r\n\t\t\t\t}.tdi_36 .td-element-style{\r\n\t\t\t\t\tz-index: -1;\r\n\t\t\t\t}.tdi_36 .td_spot_img_all img,\r\n\t\t\t\t.tdi_36 .td_spot_img_tl img,\r\n\t\t\t\t.tdi_36 .td_spot_img_tp img,\r\n\t\t\t\t.tdi_36 .td_spot_img_mob img{\r\n\t\t\t\t    border-style: none;\r\n\t\t\t\t}\n<\/style><div id='arp-container-6a96e2847adb5' class='arp-container' data-rotation-speed='5000' style='width: auto; height: auto;'><div class='arp-slide'><img src='https:\/\/revistaesperanzas.com\/web\/wp-content\/uploads\/2026\/05\/RKN-1.jpg' alt='KISS'><\/div><div class='arp-slide'><img src='https:\/\/revistaesperanzas.com\/web\/wp-content\/uploads\/2026\/05\/KISS-5-1.jpg' alt='KISS'><\/div><div class='arp-slide'><img src='https:\/\/revistaesperanzas.com\/web\/wp-content\/uploads\/2026\/05\/90.7.png' alt='FM KISS'><\/div><\/div><\/div><div class=\"td-block td-a-rec td-a-rec-id-custom-spot tdi_37 td_block_template_3\">\n<style>\n\/* custom css - generated by TagDiv Composer *\/\n.tdi_37.td-a-rec{\r\n\t\t\t\t\ttext-align: center;\r\n\t\t\t\t}.tdi_37.td-a-rec:not(.td-a-rec-no-translate){\r\n\t\t\t\t    transform: translateZ(0);\r\n\t\t\t\t}.tdi_37 .td-element-style{\r\n\t\t\t\t\tz-index: -1;\r\n\t\t\t\t}.tdi_37 .td_spot_img_all img,\r\n\t\t\t\t.tdi_37 .td_spot_img_tl img,\r\n\t\t\t\t.tdi_37 .td_spot_img_tp img,\r\n\t\t\t\t.tdi_37 .td_spot_img_mob img{\r\n\t\t\t\t    border-style: none;\r\n\t\t\t\t}\n<\/style><div id='arp-container-6a96e2847e227' class='arp-container' data-rotation-speed='5000' style='width: auto; height: auto;'><div class='arp-slide'><img src='https:\/\/revistaesperanzas.com\/web\/wp-content\/uploads\/2026\/08\/WhatsApp-Image-2026-08-24-at-15.58.45-1.jpeg' alt='EL PINCEL'><\/div><div class='arp-slide'><img src='https:\/\/revistaesperanzas.com\/web\/wp-content\/uploads\/2026\/08\/WhatsApp-Image-2026-08-24-at-15.58.47.jpeg' alt='el pincel'><\/div><div class='arp-slide'><img src='https:\/\/revistaesperanzas.com\/web\/wp-content\/uploads\/2026\/05\/Sin-titulo-9.png' alt='EL PINCEL QUE TE FALTABA'><\/div><div class='arp-slide'><img src='https:\/\/revistaesperanzas.com\/web\/wp-content\/uploads\/2026\/05\/WhatsApp-Image-2026-06-04-at-15.34.14.jpeg' alt='EL PINCEL QUE TE FALTABA'><\/div><div class='arp-slide'><img src='https:\/\/revistaesperanzas.com\/web\/wp-content\/uploads\/2026\/05\/WhatsApp-Image-2026-08-24-at-15.58.44.jpeg' alt='EL PINCEL'><\/div><\/div><\/div><div class=\"td-block td-a-rec td-a-rec-id-custom-spot tdi_38 td_block_template_3\">\n<style>\n\/* custom css - generated by TagDiv Composer *\/\n.tdi_38.td-a-rec{\r\n\t\t\t\t\ttext-align: center;\r\n\t\t\t\t}.tdi_38.td-a-rec:not(.td-a-rec-no-translate){\r\n\t\t\t\t    transform: translateZ(0);\r\n\t\t\t\t}.tdi_38 .td-element-style{\r\n\t\t\t\t\tz-index: -1;\r\n\t\t\t\t}.tdi_38 .td_spot_img_all img,\r\n\t\t\t\t.tdi_38 .td_spot_img_tl img,\r\n\t\t\t\t.tdi_38 .td_spot_img_tp img,\r\n\t\t\t\t.tdi_38 .td_spot_img_mob img{\r\n\t\t\t\t    border-style: none;\r\n\t\t\t\t}\n<\/style><div id='arp-container-6a96e28480040' class='arp-container' data-rotation-speed='5000' style='width: auto; height: auto;'><div class='arp-slide'><img src='https:\/\/revistaesperanzas.com\/web\/wp-content\/uploads\/2026\/05\/alal.jpg' alt='emilio alal'><\/div><div class='arp-slide'><img src='https:\/\/revistaesperanzas.com\/web\/wp-content\/uploads\/2026\/05\/EMILIIO-ALAL.jpg' alt='emilio alal'><\/div><div class='arp-slide'><img src='https:\/\/revistaesperanzas.com\/web\/wp-content\/uploads\/2026\/05\/alal-2.jpg' alt='alal'><\/div><\/div><\/div><div class=\"td-block td-a-rec td-a-rec-id-custom-spot tdi_39 td_block_template_3\">\n<style>\n\/* custom css - generated by TagDiv Composer *\/\n.tdi_39.td-a-rec{\r\n\t\t\t\t\ttext-align: center;\r\n\t\t\t\t}.tdi_39.td-a-rec:not(.td-a-rec-no-translate){\r\n\t\t\t\t    transform: translateZ(0);\r\n\t\t\t\t}.tdi_39 .td-element-style{\r\n\t\t\t\t\tz-index: -1;\r\n\t\t\t\t}.tdi_39 .td_spot_img_all img,\r\n\t\t\t\t.tdi_39 .td_spot_img_tl img,\r\n\t\t\t\t.tdi_39 .td_spot_img_tp img,\r\n\t\t\t\t.tdi_39 .td_spot_img_mob img{\r\n\t\t\t\t    border-style: none;\r\n\t\t\t\t}\n<\/style><div id='arp-container-6a96e284812aa' class='arp-container' data-rotation-speed='5000' style='width: auto; height: auto;'><div class='arp-slide'><img src='https:\/\/revistaesperanzas.com\/web\/wp-content\/uploads\/2026\/05\/radio-revista.jpg' alt='radio revista'><\/div><\/div><\/div><\/div><\/div><\/div><\/div><\/div><\/div><\/div><\/div><\/div><\/div><\/div>","protected":false},"excerpt":{"rendered":"","protected":false},"author":1,"featured_media":0,"parent":0,"menu_order":0,"comment_status":"closed","ping_status":"closed","template":"","meta":{"footnotes":""},"class_list":["post-139489","page","type-page","status-publish"],"_links":{"self":[{"href":"https:\/\/revistaesperanzas.com\/web\/wp-json\/wp\/v2\/pages\/139489","targetHints":{"allow":["GET"]}}],"collection":[{"href":"https:\/\/revistaesperanzas.com\/web\/wp-json\/wp\/v2\/pages"}],"about":[{"href":"https:\/\/revistaesperanzas.com\/web\/wp-json\/wp\/v2\/types\/page"}],"author":[{"embeddable":true,"href":"https:\/\/revistaesperanzas.com\/web\/wp-json\/wp\/v2\/users\/1"}],"replies":[{"embeddable":true,"href":"https:\/\/revistaesperanzas.com\/web\/wp-json\/wp\/v2\/comments?post=139489"}],"version-history":[{"count":0,"href":"https:\/\/revistaesperanzas.com\/web\/wp-json\/wp\/v2\/pages\/139489\/revisions"}],"wp:attachment":[{"href":"https:\/\/revistaesperanzas.com\/web\/wp-json\/wp\/v2\/media?parent=139489"}],"curies":[{"name":"wp","href":"https:\/\/api.w.org\/{rel}","templated":true}]}}